{"id":924,"date":"2026-04-04T13:56:48","date_gmt":"2026-04-04T17:56:48","guid":{"rendered":"https:\/\/westindiesregatta.com\/?page_id=924"},"modified":"2026-08-25T10:33:23","modified_gmt":"2026-08-25T14:33:23","slug":"histoire","status":"publish","type":"page","link":"https:\/\/westindiesregatta.com\/en\/histoire\/","title":{"rendered":"histoire"},"content":{"rendered":"<div data-elementor-type=\"wp-page\" data-elementor-id=\"924\" class=\"elementor elementor-924\">\n\t\t\t\t<div class=\"elementor-element elementor-element-ed36780 e-flex e-con-boxed e-con e-parent\" data-id=\"ed36780\" data-element_type=\"container\" data-e-type=\"container\" data-settings=\"{&quot;background_background&quot;:&quot;classic&quot;}\">\n\t\t\t\t\t<div class=\"e-con-inner\">\n\t\t\t\t<div class=\"elementor-element elementor-element-0db6b18 elementor-widget elementor-widget-heading\" data-id=\"0db6b18\" data-element_type=\"widget\" data-e-type=\"widget\" data-widget_type=\"heading.default\">\n\t\t\t\t\t<h1 class=\"elementor-heading-title elementor-size-default\">Histoire du Festival \u00ab West Indies Regatta \u00bb<\/h1>\t\t\t\t<\/div>\n\t\t\t\t<div class=\"elementor-element elementor-element-084cdef elementor-widget__width-initial elementor-widget elementor-widget-text-editor\" data-id=\"084cdef\" data-element_type=\"widget\" data-e-type=\"widget\" data-widget_type=\"text-editor.default\">\n\t\t\t\t\t\t\t\t\t<p>De la red\u00e9couverte d\u2019une petite \u00eele perdue dans les Antilles \u00e0 la 15\u1d49 \u00e9dition, la West Indies Regatta Festival raconte l\u2019histoire d\u2019un savoir-faire qui a failli dispara\u00eetre, et de ceux qui ont d\u00e9cid\u00e9 de tout faire pour le sauvegarder !<\/p>\t\t\t\t\t\t\t\t<\/div>\n\t\t\t\t\t<\/div>\n\t\t\t\t<\/div>\n\t\t<div class=\"elementor-element elementor-element-0936c09 e-flex e-con-boxed e-con e-parent\" data-id=\"0936c09\" data-element_type=\"container\" data-e-type=\"container\" data-settings=\"{&quot;background_background&quot;:&quot;classic&quot;}\">\n\t\t\t\t\t<div class=\"e-con-inner\">\n\t\t<div class=\"elementor-element elementor-element-37685ea e-con-full e-flex e-con e-child\" data-id=\"37685ea\" data-element_type=\"container\" data-e-type=\"container\">\n\t\t\t\t<div class=\"elementor-element elementor-element-ae42a72 elementor-widget elementor-widget-heading\" data-id=\"ae42a72\" data-element_type=\"widget\" data-e-type=\"widget\" data-widget_type=\"heading.default\">\n\t\t\t\t\t<h2 class=\"elementor-heading-title elementor-size-default\">Ann\u00e9es 90<\/h2>\t\t\t\t<\/div>\n\t\t\t\t<div class=\"elementor-element elementor-element-c32d3a2 elementor-widget elementor-widget-image\" data-id=\"c32d3a2\" data-element_type=\"widget\" data-e-type=\"widget\" data-widget_type=\"image.default\">\n\t\t\t\t\t\t\t\t\t\t\t\t\t\t\t<img fetchpriority=\"high\" decoding=\"async\" width=\"1024\" height=\"681\" src=\"https:\/\/westindiesregatta.com\/wp-content\/uploads\/2026\/08\/carriacou-vue-du-ciel-1024x681.jpg\" class=\"attachment-large size-large wp-image-1094\" alt=\"Vue a\u00e9rienne de l\u2019\u00eele de Carriacou, dans les Grenadines\" srcset=\"https:\/\/westindiesregatta.com\/wp-content\/uploads\/2026\/08\/carriacou-vue-du-ciel-1024x681.jpg 1024w, https:\/\/westindiesregatta.com\/wp-content\/uploads\/2026\/08\/carriacou-vue-du-ciel-300x199.jpg 300w, https:\/\/westindiesregatta.com\/wp-content\/uploads\/2026\/08\/carriacou-vue-du-ciel-768x510.jpg 768w, https:\/\/westindiesregatta.com\/wp-content\/uploads\/2026\/08\/carriacou-vue-du-ciel-1536x1021.jpg 1536w, https:\/\/westindiesregatta.com\/wp-content\/uploads\/2026\/08\/carriacou-vue-du-ciel.jpg 1920w\" sizes=\"(max-width: 1024px) 100vw, 1024px\" \/>\t\t\t\t\t\t\t\t\t\t\t\t\t\t\t<\/div>\n\t\t\t\t<\/div>\n\t\t<div class=\"elementor-element elementor-element-17c647e e-con-full e-flex e-con e-child\" data-id=\"17c647e\" data-element_type=\"container\" data-e-type=\"container\">\n\t\t\t\t<div class=\"elementor-element elementor-element-f9ac9a0 elementor-widget elementor-widget-heading\" data-id=\"f9ac9a0\" data-element_type=\"widget\" data-e-type=\"widget\" data-widget_type=\"heading.default\">\n\t\t\t\t\t<h4 class=\"elementor-heading-title elementor-size-default\">La d\u00e9couverte<\/h4>\t\t\t\t<\/div>\n\t\t\t\t<div class=\"elementor-element elementor-element-da0ab49 elementor-widget-divider--view-line elementor-widget elementor-widget-divider\" data-id=\"da0ab49\" data-element_type=\"widget\" data-e-type=\"widget\" data-widget_type=\"divider.default\">\n\t\t\t\t\t\t\t<div class=\"elementor-divider\">\n\t\t\t<span class=\"elementor-divider-separator\">\n\t\t\t\t\t\t<\/span>\n\t\t<\/div>\n\t\t\t\t\t\t<\/div>\n\t\t\t\t<div class=\"elementor-element elementor-element-e24c2b2 elementor-widget__width-initial elementor-widget elementor-widget-text-editor\" data-id=\"e24c2b2\" data-element_type=\"widget\" data-e-type=\"widget\" data-widget_type=\"text-editor.default\">\n\t\t\t\t\t\t\t\t\t<p>Alexis Andrews, photographe nautique, d\u00e9couvre Carriacou, dans les Grenadines. Il y trouve un monde en train de s\u2019\u00e9teindre : des charpentiers de marine qui b\u00e2tissent \u00e0 la main, sur la plage, sans plan \u00e9crit ni machine moderne, de superbes voiliers de bois. Les Carriacou sloops.<\/p>\t\t\t\t\t\t\t\t<\/div>\n\t\t\t\t<\/div>\n\t\t\t\t\t<\/div>\n\t\t\t\t<\/div>\n\t\t<div class=\"elementor-element elementor-element-941dff3 e-flex e-con-boxed e-con e-parent\" data-id=\"941dff3\" data-element_type=\"container\" data-e-type=\"container\" data-settings=\"{&quot;background_background&quot;:&quot;classic&quot;}\">\n\t\t\t\t\t<div class=\"e-con-inner\">\n\t\t<div class=\"elementor-element elementor-element-fce01d1 e-con-full e-flex e-con e-child\" data-id=\"fce01d1\" data-element_type=\"container\" data-e-type=\"container\">\n\t\t\t\t<div class=\"elementor-element elementor-element-d4cf63d elementor-widget elementor-widget-heading\" data-id=\"d4cf63d\" data-element_type=\"widget\" data-e-type=\"widget\" data-widget_type=\"heading.default\">\n\t\t\t\t\t<h2 class=\"elementor-heading-title elementor-size-default\">2005<\/h2>\t\t\t\t<\/div>\n\t\t\t\t<div class=\"elementor-element elementor-element-24552e3 elementor-widget elementor-widget-image\" data-id=\"24552e3\" data-element_type=\"widget\" data-e-type=\"widget\" data-widget_type=\"image.default\">\n\t\t\t\t\t\t\t\t\t\t\t\t\t\t\t<img decoding=\"async\" width=\"1024\" height=\"683\" src=\"https:\/\/westindiesregatta.com\/wp-content\/uploads\/2026\/08\/alexis_and_genesis-1024x683.jpg\" class=\"attachment-large size-large wp-image-1095\" alt=\"Alexis Andrews \u00e0 la barre du Carriacou sloop Genesis\" srcset=\"https:\/\/westindiesregatta.com\/wp-content\/uploads\/2026\/08\/alexis_and_genesis-1024x683.jpg 1024w, https:\/\/westindiesregatta.com\/wp-content\/uploads\/2026\/08\/alexis_and_genesis-300x200.jpg 300w, https:\/\/westindiesregatta.com\/wp-content\/uploads\/2026\/08\/alexis_and_genesis-768x512.jpg 768w, https:\/\/westindiesregatta.com\/wp-content\/uploads\/2026\/08\/alexis_and_genesis-1536x1024.jpg 1536w, https:\/\/westindiesregatta.com\/wp-content\/uploads\/2026\/08\/alexis_and_genesis-2048x1365.jpg 2048w\" sizes=\"(max-width: 1024px) 100vw, 1024px\" \/>\t\t\t\t\t\t\t\t\t\t\t\t\t\t\t<\/div>\n\t\t\t\t<\/div>\n\t\t<div class=\"elementor-element elementor-element-abe7824 e-con-full e-flex e-con e-child\" data-id=\"abe7824\" data-element_type=\"container\" data-e-type=\"container\">\n\t\t\t\t<div class=\"elementor-element elementor-element-99c4f00 elementor-widget elementor-widget-heading\" data-id=\"99c4f00\" data-element_type=\"widget\" data-e-type=\"widget\" data-widget_type=\"heading.default\">\n\t\t\t\t\t<h4 class=\"elementor-heading-title elementor-size-default\">Genesis<\/h4>\t\t\t\t<\/div>\n\t\t\t\t<div class=\"elementor-element elementor-element-b79d3dc elementor-widget-divider--view-line elementor-widget elementor-widget-divider\" data-id=\"b79d3dc\" data-element_type=\"widget\" data-e-type=\"widget\" data-widget_type=\"divider.default\">\n\t\t\t\t\t\t\t<div class=\"elementor-divider\">\n\t\t\t<span class=\"elementor-divider-separator\">\n\t\t\t\t\t\t<\/span>\n\t\t<\/div>\n\t\t\t\t\t\t<\/div>\n\t\t\t\t<div class=\"elementor-element elementor-element-4fea862 elementor-widget__width-initial elementor-widget elementor-widget-text-editor\" data-id=\"4fea862\" data-element_type=\"widget\" data-e-type=\"widget\" data-widget_type=\"text-editor.default\">\n\t\t\t\t\t\t\t\t\t<p>Alexis Andrews finance la construction d\u2019un sloop et confie le chantier au ma\u00eetre charpentier Alwyn Enoe. Genesis na\u00eet sur le sable de Carriacou, fa\u00e7onn\u00e9 de m\u00e9moire.<\/p>\t\t\t\t\t\t\t\t<\/div>\n\t\t\t\t<\/div>\n\t\t\t\t\t<\/div>\n\t\t\t\t<\/div>\n\t\t<div class=\"elementor-element elementor-element-50ae384 e-flex e-con-boxed e-con e-parent\" data-id=\"50ae384\" data-element_type=\"container\" data-e-type=\"container\" data-settings=\"{&quot;background_background&quot;:&quot;classic&quot;}\">\n\t\t\t\t\t<div class=\"e-con-inner\">\n\t\t<div class=\"elementor-element elementor-element-ea73bc5 e-con-full e-flex e-con e-child\" data-id=\"ea73bc5\" data-element_type=\"container\" data-e-type=\"container\">\n\t\t\t\t<div class=\"elementor-element elementor-element-4dcf49a elementor-widget elementor-widget-heading\" data-id=\"4dcf49a\" data-element_type=\"widget\" data-e-type=\"widget\" data-widget_type=\"heading.default\">\n\t\t\t\t\t<h2 class=\"elementor-heading-title elementor-size-default\">2007<\/h2>\t\t\t\t<\/div>\n\t\t\t\t<div class=\"elementor-element elementor-element-42a6943 elementor-widget elementor-widget-image\" data-id=\"42a6943\" data-element_type=\"widget\" data-e-type=\"widget\" data-widget_type=\"image.default\">\n\t\t\t\t\t\t\t\t\t\t\t\t\t\t\t<img decoding=\"async\" width=\"1024\" height=\"683\" src=\"https:\/\/westindiesregatta.com\/wp-content\/uploads\/2026\/08\/savy-carriacou-sloop-1024x683.jpg\" class=\"attachment-large size-large wp-image-1099\" alt=\"Le Carriacou sloop Savy et son \u00e9quipage en r\u00e9gate au large de Grenade\" srcset=\"https:\/\/westindiesregatta.com\/wp-content\/uploads\/2026\/08\/savy-carriacou-sloop-1024x683.jpg 1024w, https:\/\/westindiesregatta.com\/wp-content\/uploads\/2026\/08\/savy-carriacou-sloop-300x200.jpg 300w, https:\/\/westindiesregatta.com\/wp-content\/uploads\/2026\/08\/savy-carriacou-sloop-768x512.jpg 768w, https:\/\/westindiesregatta.com\/wp-content\/uploads\/2026\/08\/savy-carriacou-sloop-1536x1024.jpg 1536w, https:\/\/westindiesregatta.com\/wp-content\/uploads\/2026\/08\/savy-carriacou-sloop.jpg 1600w\" sizes=\"(max-width: 1024px) 100vw, 1024px\" \/>\t\t\t\t\t\t\t\t\t\t\t\t\t\t\t<\/div>\n\t\t\t\t<\/div>\n\t\t<div class=\"elementor-element elementor-element-3099826 e-con-full e-flex e-con e-child\" data-id=\"3099826\" data-element_type=\"container\" data-e-type=\"container\">\n\t\t\t\t<div class=\"elementor-element elementor-element-a6edf33 elementor-widget elementor-widget-heading\" data-id=\"a6edf33\" data-element_type=\"widget\" data-e-type=\"widget\" data-widget_type=\"heading.default\">\n\t\t\t\t\t<h4 class=\"elementor-heading-title elementor-size-default\">Savy, le dernier de Balo<\/h4>\t\t\t\t<\/div>\n\t\t\t\t<div class=\"elementor-element elementor-element-146c860 elementor-widget-divider--view-line elementor-widget elementor-widget-divider\" data-id=\"146c860\" data-element_type=\"widget\" data-e-type=\"widget\" data-widget_type=\"divider.default\">\n\t\t\t\t\t\t\t<div class=\"elementor-divider\">\n\t\t\t<span class=\"elementor-divider-separator\">\n\t\t\t\t\t\t<\/span>\n\t\t<\/div>\n\t\t\t\t\t\t<\/div>\n\t\t\t\t<div class=\"elementor-element elementor-element-d7eafab elementor-widget__width-initial elementor-widget elementor-widget-text-editor\" data-id=\"d7eafab\" data-element_type=\"widget\" data-e-type=\"widget\" data-widget_type=\"text-editor.default\">\n\t\t\t\t\t\t\t\t\t<p>Sur la plage de Petite Martinique, le ma\u00eetre charpentier Baldwin DeRoche, dit \u00ab Balo \u00bb, met Savy \u00e0 l\u2019eau. Ce sera le dernier sloop sorti de ses mains.<\/p>\t\t\t\t\t\t\t\t<\/div>\n\t\t\t\t<\/div>\n\t\t\t\t\t<\/div>\n\t\t\t\t<\/div>\n\t\t<div class=\"elementor-element elementor-element-b4287e4 e-flex e-con-boxed e-con e-parent\" data-id=\"b4287e4\" data-element_type=\"container\" data-e-type=\"container\" data-settings=\"{&quot;background_background&quot;:&quot;classic&quot;}\">\n\t\t\t\t\t<div class=\"e-con-inner\">\n\t\t<div class=\"elementor-element elementor-element-fe67330 e-con-full e-flex e-con e-child\" data-id=\"fe67330\" data-element_type=\"container\" data-e-type=\"container\">\n\t\t\t\t<div class=\"elementor-element elementor-element-7a7a202 elementor-widget elementor-widget-heading\" data-id=\"7a7a202\" data-element_type=\"widget\" data-e-type=\"widget\" data-widget_type=\"heading.default\">\n\t\t\t\t\t<h2 class=\"elementor-heading-title elementor-size-default\">2007<\/h2>\t\t\t\t<\/div>\n\t\t\t\t<div class=\"elementor-element elementor-element-57a5d54 elementor-widget elementor-widget-image\" data-id=\"57a5d54\" data-element_type=\"widget\" data-e-type=\"widget\" data-widget_type=\"image.default\">\n\t\t\t\t\t\t\t\t\t\t\t\t\t\t\t<img loading=\"lazy\" decoding=\"async\" width=\"504\" height=\"522\" src=\"https:\/\/westindiesregatta.com\/wp-content\/uploads\/2026\/08\/1787316133984_image.png\" class=\"attachment-large size-large wp-image-1100\" alt=\"Le grand cano\u00eb kalinago Gli Gli sous voile, avec son \u00e9quipage\" srcset=\"https:\/\/westindiesregatta.com\/wp-content\/uploads\/2026\/08\/1787316133984_image.png 504w, https:\/\/westindiesregatta.com\/wp-content\/uploads\/2026\/08\/1787316133984_image-290x300.png 290w\" sizes=\"(max-width: 504px) 100vw, 504px\" \/>\t\t\t\t\t\t\t\t\t\t\t\t\t\t\t<\/div>\n\t\t\t\t<\/div>\n\t\t<div class=\"elementor-element elementor-element-22ea06a e-con-full e-flex e-con e-child\" data-id=\"22ea06a\" data-element_type=\"container\" data-e-type=\"container\">\n\t\t\t\t<div class=\"elementor-element elementor-element-f6f2119 elementor-widget elementor-widget-heading\" data-id=\"f6f2119\" data-element_type=\"widget\" data-e-type=\"widget\" data-widget_type=\"heading.default\">\n\t\t\t\t\t<h4 class=\"elementor-heading-title elementor-size-default\">Gli Gli passe \u00e0 Saint-Barth<\/h4>\t\t\t\t<\/div>\n\t\t\t\t<div class=\"elementor-element elementor-element-69a9e20 elementor-widget-divider--view-line elementor-widget elementor-widget-divider\" data-id=\"69a9e20\" data-element_type=\"widget\" data-e-type=\"widget\" data-widget_type=\"divider.default\">\n\t\t\t\t\t\t\t<div class=\"elementor-divider\">\n\t\t\t<span class=\"elementor-divider-separator\">\n\t\t\t\t\t\t<\/span>\n\t\t<\/div>\n\t\t\t\t\t\t<\/div>\n\t\t\t\t<div class=\"elementor-element elementor-element-3f60807 elementor-widget__width-initial elementor-widget elementor-widget-text-editor\" data-id=\"3f60807\" data-element_type=\"widget\" data-e-type=\"widget\" data-widget_type=\"text-editor.default\">\n\t\t\t\t\t\t\t\t\t<p>Aragorn navigue avec les Kalinagos \u00e0 bord d\u2019un grand cano\u00eb taill\u00e9 \u00e0 la main dans la for\u00eat de Dominique. Antigua, Saint-Barth\u00e9lemy, les \u00eeles Vierges britanniques. L\u2019escale \u00e0 Gustavia marque les esprits : son histoire fait le tour de l\u2019\u00eele.<\/p>\t\t\t\t\t\t\t\t<\/div>\n\t\t\t\t<\/div>\n\t\t\t\t\t<\/div>\n\t\t\t\t<\/div>\n\t\t<div class=\"elementor-element elementor-element-f47a0c3 e-flex e-con-boxed e-con e-parent\" data-id=\"f47a0c3\" data-element_type=\"container\" data-e-type=\"container\" data-settings=\"{&quot;background_background&quot;:&quot;classic&quot;}\">\n\t\t\t\t\t<div class=\"e-con-inner\">\n\t\t<div class=\"elementor-element elementor-element-1e9f4cb e-con-full e-flex e-con e-child\" data-id=\"1e9f4cb\" data-element_type=\"container\" data-e-type=\"container\">\n\t\t\t\t<div class=\"elementor-element elementor-element-c4396f4 elementor-widget elementor-widget-heading\" data-id=\"c4396f4\" data-element_type=\"widget\" data-e-type=\"widget\" data-widget_type=\"heading.default\">\n\t\t\t\t\t<h2 class=\"elementor-heading-title elementor-size-default\">2008<\/h2>\t\t\t\t<\/div>\n\t\t\t\t<div class=\"elementor-element elementor-element-7726158 elementor-widget elementor-widget-image\" data-id=\"7726158\" data-element_type=\"widget\" data-e-type=\"widget\" data-widget_type=\"image.default\">\n\t\t\t\t\t\t\t\t\t\t\t\t\t\t\t<img loading=\"lazy\" decoding=\"async\" width=\"225\" height=\"225\" src=\"https:\/\/westindiesregatta.com\/wp-content\/uploads\/2026\/08\/1787316201381_image.png\" class=\"attachment-large size-large wp-image-1101\" alt=\"Couverture du livre Genesis, Building a Traditional Carriacou Sloop, d\u2019Alexis Andrews\" srcset=\"https:\/\/westindiesregatta.com\/wp-content\/uploads\/2026\/08\/1787316201381_image.png 225w, https:\/\/westindiesregatta.com\/wp-content\/uploads\/2026\/08\/1787316201381_image-150x150.png 150w\" sizes=\"(max-width: 225px) 100vw, 225px\" \/>\t\t\t\t\t\t\t\t\t\t\t\t\t\t\t<\/div>\n\t\t\t\t<\/div>\n\t\t<div class=\"elementor-element elementor-element-010c0d3 e-con-full e-flex e-con e-child\" data-id=\"010c0d3\" data-element_type=\"container\" data-e-type=\"container\">\n\t\t\t\t<div class=\"elementor-element elementor-element-0409873 elementor-widget elementor-widget-heading\" data-id=\"0409873\" data-element_type=\"widget\" data-e-type=\"widget\" data-widget_type=\"heading.default\">\n\t\t\t\t\t<h4 class=\"elementor-heading-title elementor-size-default\">Deux livres et une travers\u00e9e<\/h4>\t\t\t\t<\/div>\n\t\t\t\t<div class=\"elementor-element elementor-element-1e3ed8d elementor-widget-divider--view-line elementor-widget elementor-widget-divider\" data-id=\"1e3ed8d\" data-element_type=\"widget\" data-e-type=\"widget\" data-widget_type=\"divider.default\">\n\t\t\t\t\t\t\t<div class=\"elementor-divider\">\n\t\t\t<span class=\"elementor-divider-separator\">\n\t\t\t\t\t\t<\/span>\n\t\t<\/div>\n\t\t\t\t\t\t<\/div>\n\t\t\t\t<div class=\"elementor-element elementor-element-0f8c568 elementor-widget__width-initial elementor-widget elementor-widget-text-editor\" data-id=\"0f8c568\" data-element_type=\"widget\" data-e-type=\"widget\" data-widget_type=\"text-editor.default\">\n\t\t\t\t\t\t\t\t\t<p>Alexis Andrews publie <em>Vanishing Ways<\/em> et <em>Genesis: Building a Traditional Carriacou Sloop<\/em>. Ce printemps-l\u00e0, Doggy Watson, Alexis Andrews et Aragorn conduisent Genesis d\u2019Antigua jusqu\u2019\u00e0 la Foxy\u2019s Regatta, sur l\u2019\u00eele de Jost Van Dyke aux \u00eeles Vierges britanniques \u2014 un rendez-vous du dernier week-end de mai qui existe depuis 1974. Escale \u00e0 Saint-Barth, o\u00f9 Alexis expose ses deux ouvrages.<\/p>\t\t\t\t\t\t\t\t<\/div>\n\t\t\t\t<\/div>\n\t\t\t\t\t<\/div>\n\t\t\t\t<\/div>\n\t\t<div class=\"elementor-element elementor-element-7b20a51 e-flex e-con-boxed e-con e-parent\" data-id=\"7b20a51\" data-element_type=\"container\" data-e-type=\"container\" data-settings=\"{&quot;background_background&quot;:&quot;classic&quot;}\">\n\t\t\t\t\t<div class=\"e-con-inner\">\n\t\t<div class=\"elementor-element elementor-element-e71fe30 e-con-full e-flex e-con e-child\" data-id=\"e71fe30\" data-element_type=\"container\" data-e-type=\"container\">\n\t\t\t\t<div class=\"elementor-element elementor-element-b0ce541 elementor-widget elementor-widget-heading\" data-id=\"b0ce541\" data-element_type=\"widget\" data-e-type=\"widget\" data-widget_type=\"heading.default\">\n\t\t\t\t\t<h2 class=\"elementor-heading-title elementor-size-default\">2009<\/h2>\t\t\t\t<\/div>\n\t\t\t\t<div class=\"elementor-element elementor-element-1166577 elementor-widget elementor-widget-image\" data-id=\"1166577\" data-element_type=\"widget\" data-e-type=\"widget\" data-widget_type=\"image.default\">\n\t\t\t\t\t\t\t\t\t\t\t\t\t\t\t<img loading=\"lazy\" decoding=\"async\" width=\"1024\" height=\"683\" src=\"https:\/\/westindiesregatta.com\/wp-content\/uploads\/2026\/08\/Alexis_and_sloops-1024x683.jpg\" class=\"attachment-large size-large wp-image-1106\" alt=\"Alexis Andrews \u00e0 bord, devant la flottille de sloops traditionnels au mouillage\" srcset=\"https:\/\/westindiesregatta.com\/wp-content\/uploads\/2026\/08\/Alexis_and_sloops-1024x683.jpg 1024w, https:\/\/westindiesregatta.com\/wp-content\/uploads\/2026\/08\/Alexis_and_sloops-300x200.jpg 300w, https:\/\/westindiesregatta.com\/wp-content\/uploads\/2026\/08\/Alexis_and_sloops-768x512.jpg 768w, https:\/\/westindiesregatta.com\/wp-content\/uploads\/2026\/08\/Alexis_and_sloops-1536x1024.jpg 1536w, https:\/\/westindiesregatta.com\/wp-content\/uploads\/2026\/08\/Alexis_and_sloops-2048x1365.jpg 2048w\" sizes=\"(max-width: 1024px) 100vw, 1024px\" \/>\t\t\t\t\t\t\t\t\t\t\t\t\t\t\t<\/div>\n\t\t\t\t<\/div>\n\t\t<div class=\"elementor-element elementor-element-426185a e-con-full e-flex e-con e-child\" data-id=\"426185a\" data-element_type=\"container\" data-e-type=\"container\">\n\t\t\t\t<div class=\"elementor-element elementor-element-8538693 elementor-widget elementor-widget-heading\" data-id=\"8538693\" data-element_type=\"widget\" data-e-type=\"widget\" data-widget_type=\"heading.default\">\n\t\t\t\t\t<h4 class=\"elementor-heading-title elementor-size-default\">La premi\u00e8re West Indies Regatta<\/h4>\t\t\t\t<\/div>\n\t\t\t\t<div class=\"elementor-element elementor-element-e0dcb21 elementor-widget-divider--view-line elementor-widget elementor-widget-divider\" data-id=\"e0dcb21\" data-element_type=\"widget\" data-e-type=\"widget\" data-widget_type=\"divider.default\">\n\t\t\t\t\t\t\t<div class=\"elementor-divider\">\n\t\t\t<span class=\"elementor-divider-separator\">\n\t\t\t\t\t\t<\/span>\n\t\t<\/div>\n\t\t\t\t\t\t<\/div>\n\t\t\t\t<div class=\"elementor-element elementor-element-4c94d35 elementor-widget__width-initial elementor-widget elementor-widget-text-editor\" data-id=\"4c94d35\" data-element_type=\"widget\" data-e-type=\"widget\" data-widget_type=\"text-editor.default\">\n\t\t\t\t\t\t\t\t\t<p>Engag\u00e9s dans la Classic Regatta d\u2019Antigua, Alexis et Aragorn cherchent des bateaux pour les accompagner jusqu\u2019\u00e0 Saint-Barth. Avec Loulou Magras, Daniel Blanchard et Bruno Gr\u00e9aux, alors directeur du port, huit bateaux entrent dans Gustavia : Genesis, Ocean Nomad, Tradition, Sweetheart, Good Expectation, Summer Cloud, la go\u00e9lette de Nevis Alexander Hamilton et le sloop de Carriacou Plumbelly. La Collectivit\u00e9 met gracieusement le quai \u00e0 disposition pour l\u2019amarrage, et le parvis du port pour les concerts. Tout part de l\u00e0.<\/p>\t\t\t\t\t\t\t\t<\/div>\n\t\t\t\t<\/div>\n\t\t\t\t\t<\/div>\n\t\t\t\t<\/div>\n\t\t<div class=\"elementor-element elementor-element-30d4248 e-flex e-con-boxed e-con e-parent\" data-id=\"30d4248\" data-element_type=\"container\" data-e-type=\"container\" data-settings=\"{&quot;background_background&quot;:&quot;classic&quot;}\">\n\t\t\t\t\t<div class=\"e-con-inner\">\n\t\t<div class=\"elementor-element elementor-element-9bb54ae e-con-full e-flex e-con e-child\" data-id=\"9bb54ae\" data-element_type=\"container\" data-e-type=\"container\">\n\t\t\t\t<div class=\"elementor-element elementor-element-8cd6e2f elementor-widget elementor-widget-heading\" data-id=\"8cd6e2f\" data-element_type=\"widget\" data-e-type=\"widget\" data-widget_type=\"heading.default\">\n\t\t\t\t\t<h2 class=\"elementor-heading-title elementor-size-default\">2012<\/h2>\t\t\t\t<\/div>\n\t\t\t\t<div class=\"elementor-element elementor-element-d2fdd7e elementor-widget elementor-widget-image\" data-id=\"d2fdd7e\" data-element_type=\"widget\" data-e-type=\"widget\" data-widget_type=\"image.default\">\n\t\t\t\t\t\t\t\t\t\t\t\t\t\t\t<img loading=\"lazy\" decoding=\"async\" width=\"1024\" height=\"460\" src=\"https:\/\/westindiesregatta.com\/wp-content\/uploads\/2026\/08\/marche-west-indies-regatta-1024x460.jpg\" class=\"attachment-large size-large wp-image-1111\" alt=\"\u00c9tals du march\u00e9 artisanal de la West Indies Regatta : bijoux, t-shirts, produits locaux\" srcset=\"https:\/\/westindiesregatta.com\/wp-content\/uploads\/2026\/08\/marche-west-indies-regatta-1024x460.jpg 1024w, https:\/\/westindiesregatta.com\/wp-content\/uploads\/2026\/08\/marche-west-indies-regatta-300x135.jpg 300w, https:\/\/westindiesregatta.com\/wp-content\/uploads\/2026\/08\/marche-west-indies-regatta-768x345.jpg 768w, https:\/\/westindiesregatta.com\/wp-content\/uploads\/2026\/08\/marche-west-indies-regatta.jpg 1474w\" sizes=\"(max-width: 1024px) 100vw, 1024px\" \/>\t\t\t\t\t\t\t\t\t\t\t\t\t\t\t<\/div>\n\t\t\t\t<\/div>\n\t\t<div class=\"elementor-element elementor-element-ed7c22e e-con-full e-flex e-con e-child\" data-id=\"ed7c22e\" data-element_type=\"container\" data-e-type=\"container\">\n\t\t\t\t<div class=\"elementor-element elementor-element-ddcac15 elementor-widget elementor-widget-heading\" data-id=\"ddcac15\" data-element_type=\"widget\" data-e-type=\"widget\" data-widget_type=\"heading.default\">\n\t\t\t\t\t<h4 class=\"elementor-heading-title elementor-size-default\">Le premier march\u00e9<\/h4>\t\t\t\t<\/div>\n\t\t\t\t<div class=\"elementor-element elementor-element-257beb6 elementor-widget-divider--view-line elementor-widget elementor-widget-divider\" data-id=\"257beb6\" data-element_type=\"widget\" data-e-type=\"widget\" data-widget_type=\"divider.default\">\n\t\t\t\t\t\t\t<div class=\"elementor-divider\">\n\t\t\t<span class=\"elementor-divider-separator\">\n\t\t\t\t\t\t<\/span>\n\t\t<\/div>\n\t\t\t\t\t\t<\/div>\n\t\t\t\t<div class=\"elementor-element elementor-element-0eda69c elementor-widget__width-initial elementor-widget elementor-widget-text-editor\" data-id=\"0eda69c\" data-element_type=\"widget\" data-e-type=\"widget\" data-widget_type=\"text-editor.default\">\n\t\t\t\t\t\t\t\t\t<p>Les sloops arrivent charg\u00e9s. Fruits d\u2019Antigua et de Dominique, t-shirts et poteries d\u2019Aragorn : le march\u00e9 na\u00eet des cales. Il grandira chaque ann\u00e9e \u2014 une fois, c\u2019est un cargo entier de bananes qui arrivera de Carriacou.<\/p>\t\t\t\t\t\t\t\t<\/div>\n\t\t\t\t<\/div>\n\t\t\t\t\t<\/div>\n\t\t\t\t<\/div>\n\t\t<div class=\"elementor-element elementor-element-6834f54 e-flex e-con-boxed e-con e-parent\" data-id=\"6834f54\" data-element_type=\"container\" data-e-type=\"container\" data-settings=\"{&quot;background_background&quot;:&quot;classic&quot;}\">\n\t\t\t\t\t<div class=\"e-con-inner\">\n\t\t<div class=\"elementor-element elementor-element-c6bb5c6 e-con-full e-flex e-con e-child\" data-id=\"c6bb5c6\" data-element_type=\"container\" data-e-type=\"container\">\n\t\t\t\t<div class=\"elementor-element elementor-element-0b332d6 elementor-widget elementor-widget-heading\" data-id=\"0b332d6\" data-element_type=\"widget\" data-e-type=\"widget\" data-widget_type=\"heading.default\">\n\t\t\t\t\t<h2 class=\"elementor-heading-title elementor-size-default\">2013<\/h2>\t\t\t\t<\/div>\n\t\t\t\t<div class=\"elementor-element elementor-element-39f2afd elementor-widget elementor-widget-image\" data-id=\"39f2afd\" data-element_type=\"widget\" data-e-type=\"widget\" data-widget_type=\"image.default\">\n\t\t\t\t\t\t\t\t\t\t\t\t\t\t\t<img loading=\"lazy\" decoding=\"async\" width=\"1024\" height=\"683\" src=\"https:\/\/westindiesregatta.com\/wp-content\/uploads\/2026\/08\/exodus-carriacou-sloop-1024x683.jpg\" class=\"attachment-large size-large wp-image-1112\" alt=\"La coque rouge du Carriacou sloop Exodus sur son ber, avec un charpentier \u00e0 Carriacou\" srcset=\"https:\/\/westindiesregatta.com\/wp-content\/uploads\/2026\/08\/exodus-carriacou-sloop-1024x683.jpg 1024w, https:\/\/westindiesregatta.com\/wp-content\/uploads\/2026\/08\/exodus-carriacou-sloop-300x200.jpg 300w, https:\/\/westindiesregatta.com\/wp-content\/uploads\/2026\/08\/exodus-carriacou-sloop-768x512.jpg 768w, https:\/\/westindiesregatta.com\/wp-content\/uploads\/2026\/08\/exodus-carriacou-sloop-1536x1024.jpg 1536w, https:\/\/westindiesregatta.com\/wp-content\/uploads\/2026\/08\/exodus-carriacou-sloop.jpg 1600w\" sizes=\"(max-width: 1024px) 100vw, 1024px\" \/>\t\t\t\t\t\t\t\t\t\t\t\t\t\t\t<\/div>\n\t\t\t\t<\/div>\n\t\t<div class=\"elementor-element elementor-element-67dd9de e-con-full e-flex e-con e-child\" data-id=\"67dd9de\" data-element_type=\"container\" data-e-type=\"container\">\n\t\t\t\t<div class=\"elementor-element elementor-element-305b546 elementor-widget elementor-widget-heading\" data-id=\"305b546\" data-element_type=\"widget\" data-e-type=\"widget\" data-widget_type=\"heading.default\">\n\t\t\t\t\t<h4 class=\"elementor-heading-title elementor-size-default\">Exodus<\/h4>\t\t\t\t<\/div>\n\t\t\t\t<div class=\"elementor-element elementor-element-d662e91 elementor-widget-divider--view-line elementor-widget elementor-widget-divider\" data-id=\"d662e91\" data-element_type=\"widget\" data-e-type=\"widget\" data-widget_type=\"divider.default\">\n\t\t\t\t\t\t\t<div class=\"elementor-divider\">\n\t\t\t<span class=\"elementor-divider-separator\">\n\t\t\t\t\t\t<\/span>\n\t\t<\/div>\n\t\t\t\t\t\t<\/div>\n\t\t\t\t<div class=\"elementor-element elementor-element-07e0e4b elementor-widget__width-initial elementor-widget elementor-widget-text-editor\" data-id=\"07e0e4b\" data-element_type=\"widget\" data-e-type=\"widget\" data-widget_type=\"text-editor.default\">\n\t\t\t\t\t\t\t\t\t<p>Alwyn Enoe met \u00e0 l\u2019eau Exodus, un sloop de quarante pieds n\u00e9 sur la plage de Carriacou. Alexis Andrews en filme chaque \u00e9tape.<\/p>\t\t\t\t\t\t\t\t<\/div>\n\t\t\t\t<\/div>\n\t\t\t\t\t<\/div>\n\t\t\t\t<\/div>\n\t\t<div class=\"elementor-element elementor-element-8caad2e e-flex e-con-boxed e-con e-parent\" data-id=\"8caad2e\" data-element_type=\"container\" data-e-type=\"container\" data-settings=\"{&quot;background_background&quot;:&quot;classic&quot;}\">\n\t\t\t\t\t<div class=\"e-con-inner\">\n\t\t<div class=\"elementor-element elementor-element-da461cd e-con-full e-flex e-con e-child\" data-id=\"da461cd\" data-element_type=\"container\" data-e-type=\"container\">\n\t\t\t\t<div class=\"elementor-element elementor-element-18eeba5 elementor-widget elementor-widget-heading\" data-id=\"18eeba5\" data-element_type=\"widget\" data-e-type=\"widget\" data-widget_type=\"heading.default\">\n\t\t\t\t\t<h2 class=\"elementor-heading-title elementor-size-default\">30 avril 2015<\/h2>\t\t\t\t<\/div>\n\t\t\t\t<div class=\"elementor-element elementor-element-517043c elementor-widget elementor-widget-image\" data-id=\"517043c\" data-element_type=\"widget\" data-e-type=\"widget\" data-widget_type=\"image.default\">\n\t\t\t\t\t\t\t\t\t\t\t\t\t\t\t<img loading=\"lazy\" decoding=\"async\" width=\"225\" height=\"225\" src=\"https:\/\/westindiesregatta.com\/wp-content\/uploads\/2026\/08\/1787317108539_image.png\" class=\"attachment-large size-large wp-image-1109\" alt=\"Affiche du documentaire Vanishing Sail, The Story of a Caribbean Tradition, d\u2019Alexis Andrews\" srcset=\"https:\/\/westindiesregatta.com\/wp-content\/uploads\/2026\/08\/1787317108539_image.png 225w, https:\/\/westindiesregatta.com\/wp-content\/uploads\/2026\/08\/1787317108539_image-150x150.png 150w\" sizes=\"(max-width: 225px) 100vw, 225px\" \/>\t\t\t\t\t\t\t\t\t\t\t\t\t\t\t<\/div>\n\t\t\t\t<\/div>\n\t\t<div class=\"elementor-element elementor-element-2a48668 e-con-full e-flex e-con e-child\" data-id=\"2a48668\" data-element_type=\"container\" data-e-type=\"container\">\n\t\t\t\t<div class=\"elementor-element elementor-element-2b6a079 elementor-widget elementor-widget-heading\" data-id=\"2b6a079\" data-element_type=\"widget\" data-e-type=\"widget\" data-widget_type=\"heading.default\">\n\t\t\t\t\t<h4 class=\"elementor-heading-title elementor-size-default\">Vanishing Sail<\/h4>\t\t\t\t<\/div>\n\t\t\t\t<div class=\"elementor-element elementor-element-6024efa elementor-widget-divider--view-line elementor-widget elementor-widget-divider\" data-id=\"6024efa\" data-element_type=\"widget\" data-e-type=\"widget\" data-widget_type=\"divider.default\">\n\t\t\t\t\t\t\t<div class=\"elementor-divider\">\n\t\t\t<span class=\"elementor-divider-separator\">\n\t\t\t\t\t\t<\/span>\n\t\t<\/div>\n\t\t\t\t\t\t<\/div>\n\t\t\t\t<div class=\"elementor-element elementor-element-19770c6 elementor-widget__width-initial elementor-widget elementor-widget-text-editor\" data-id=\"19770c6\" data-element_type=\"widget\" data-e-type=\"widget\" data-widget_type=\"text-editor.default\">\n\t\t\t\t\t\t\t\t\t<p>Le film sort. On y suit Alwyn Enoe b\u00e2tissant Exodus, puis le convoyage de 350 milles jusqu\u2019\u00e0 Antigua. Son but est explicite : susciter des vocations avant qu\u2019il ne soit trop tard.<\/p>\t\t\t\t\t\t\t\t<\/div>\n\t\t\t\t<\/div>\n\t\t\t\t\t<\/div>\n\t\t\t\t<\/div>\n\t\t<div class=\"elementor-element elementor-element-f9c4f7e e-flex e-con-boxed e-con e-parent\" data-id=\"f9c4f7e\" data-element_type=\"container\" data-e-type=\"container\" data-settings=\"{&quot;background_background&quot;:&quot;classic&quot;}\">\n\t\t\t\t\t<div class=\"e-con-inner\">\n\t\t<div class=\"elementor-element elementor-element-80eb847 e-con-full e-flex e-con e-child\" data-id=\"80eb847\" data-element_type=\"container\" data-e-type=\"container\">\n\t\t\t\t<div class=\"elementor-element elementor-element-b2ae08c elementor-widget elementor-widget-heading\" data-id=\"b2ae08c\" data-element_type=\"widget\" data-e-type=\"widget\" data-widget_type=\"heading.default\">\n\t\t\t\t\t<h2 class=\"elementor-heading-title elementor-size-default\">2015<\/h2>\t\t\t\t<\/div>\n\t\t\t\t<div class=\"elementor-element elementor-element-cf18f40 elementor-widget elementor-widget-image\" data-id=\"cf18f40\" data-element_type=\"widget\" data-e-type=\"widget\" data-widget_type=\"image.default\">\n\t\t\t\t\t\t\t\t\t\t\t\t\t\t\t<img loading=\"lazy\" decoding=\"async\" width=\"1024\" height=\"683\" src=\"https:\/\/westindiesregatta.com\/wp-content\/uploads\/2026\/08\/free-in-st-barth-equipage-1024x683.jpg\" class=\"attachment-large size-large wp-image-1113\" alt=\"L\u2019\u00e9quipage de Free In St Barth r\u00e9uni sur le pont, dans le port de Gustavia\" srcset=\"https:\/\/westindiesregatta.com\/wp-content\/uploads\/2026\/08\/free-in-st-barth-equipage-1024x683.jpg 1024w, https:\/\/westindiesregatta.com\/wp-content\/uploads\/2026\/08\/free-in-st-barth-equipage-300x200.jpg 300w, https:\/\/westindiesregatta.com\/wp-content\/uploads\/2026\/08\/free-in-st-barth-equipage-768x512.jpg 768w, https:\/\/westindiesregatta.com\/wp-content\/uploads\/2026\/08\/free-in-st-barth-equipage-1536x1024.jpg 1536w, https:\/\/westindiesregatta.com\/wp-content\/uploads\/2026\/08\/free-in-st-barth-equipage.jpg 1600w\" sizes=\"(max-width: 1024px) 100vw, 1024px\" \/>\t\t\t\t\t\t\t\t\t\t\t\t\t\t\t<\/div>\n\t\t\t\t<\/div>\n\t\t<div class=\"elementor-element elementor-element-4c74b27 e-con-full e-flex e-con e-child\" data-id=\"4c74b27\" data-element_type=\"container\" data-e-type=\"container\">\n\t\t\t\t<div class=\"elementor-element elementor-element-99a45b1 elementor-widget elementor-widget-heading\" data-id=\"99a45b1\" data-element_type=\"widget\" data-e-type=\"widget\" data-widget_type=\"heading.default\">\n\t\t\t\t\t<h4 class=\"elementor-heading-title elementor-size-default\">Free In St Barth<\/h4>\t\t\t\t<\/div>\n\t\t\t\t<div class=\"elementor-element elementor-element-a5b33d3 elementor-widget-divider--view-line elementor-widget elementor-widget-divider\" data-id=\"a5b33d3\" data-element_type=\"widget\" data-e-type=\"widget\" data-widget_type=\"divider.default\">\n\t\t\t\t\t\t\t<div class=\"elementor-divider\">\n\t\t\t<span class=\"elementor-divider-separator\">\n\t\t\t\t\t\t<\/span>\n\t\t<\/div>\n\t\t\t\t\t\t<\/div>\n\t\t\t\t<div class=\"elementor-element elementor-element-4afa88e elementor-widget__width-initial elementor-widget elementor-widget-text-editor\" data-id=\"4afa88e\" data-element_type=\"widget\" data-e-type=\"widget\" data-widget_type=\"text-editor.default\">\n\t\t\t\t\t\t\t\t\t<p>S\u00e9duit par la West Indies Regatta et par l\u2019art de vivre qui l\u2019entoure, Thierry de Badereau finance la construction d\u2019un nouveau sloop. Alwyn Enoe, d\u00e9sormais \u00e2g\u00e9, le m\u00e8ne \u00e0 terme avec ses fils \u2014 comme pour passer le geste avant qu\u2019il ne se perde. Le bateau court sa premi\u00e8re r\u00e9gate \u00e0 Gustavia en 2016. Ce sera le dernier Carriacou sloop mis \u00e0 l\u2019eau pendant pr\u00e8s de dix ans.<\/p>\t\t\t\t\t\t\t\t<\/div>\n\t\t\t\t<\/div>\n\t\t\t\t\t<\/div>\n\t\t\t\t<\/div>\n\t\t<div class=\"elementor-element elementor-element-0e25b58 e-flex e-con-boxed e-con e-parent\" data-id=\"0e25b58\" data-element_type=\"container\" data-e-type=\"container\" data-settings=\"{&quot;background_background&quot;:&quot;classic&quot;}\">\n\t\t\t\t\t<div class=\"e-con-inner\">\n\t\t<div class=\"elementor-element elementor-element-3d4f0aa e-con-full e-flex e-con e-child\" data-id=\"3d4f0aa\" data-element_type=\"container\" data-e-type=\"container\">\n\t\t\t\t<div class=\"elementor-element elementor-element-168967a elementor-widget elementor-widget-heading\" data-id=\"168967a\" data-element_type=\"widget\" data-e-type=\"widget\" data-widget_type=\"heading.default\">\n\t\t\t\t\t<h2 class=\"elementor-heading-title elementor-size-default\">2016<\/h2>\t\t\t\t<\/div>\n\t\t\t\t<div class=\"elementor-element elementor-element-392781e elementor-widget elementor-widget-image\" data-id=\"392781e\" data-element_type=\"widget\" data-e-type=\"widget\" data-widget_type=\"image.default\">\n\t\t\t\t\t\t\t\t\t\t\t\t\t\t\t<img loading=\"lazy\" decoding=\"async\" width=\"447\" height=\"447\" src=\"https:\/\/westindiesregatta.com\/wp-content\/uploads\/2026\/08\/1787317546733_image.png\" class=\"attachment-large size-large wp-image-1115\" alt=\"Armoiries de la Collectivit\u00e9 de Saint-Barth\u00e9lemy\" srcset=\"https:\/\/westindiesregatta.com\/wp-content\/uploads\/2026\/08\/1787317546733_image.png 447w, https:\/\/westindiesregatta.com\/wp-content\/uploads\/2026\/08\/1787317546733_image-300x300.png 300w, https:\/\/westindiesregatta.com\/wp-content\/uploads\/2026\/08\/1787317546733_image-150x150.png 150w\" sizes=\"(max-width: 447px) 100vw, 447px\" \/>\t\t\t\t\t\t\t\t\t\t\t\t\t\t\t<\/div>\n\t\t\t\t<\/div>\n\t\t<div class=\"elementor-element elementor-element-dc2c7e4 e-con-full e-flex e-con e-child\" data-id=\"dc2c7e4\" data-element_type=\"container\" data-e-type=\"container\">\n\t\t\t\t<div class=\"elementor-element elementor-element-8471123 elementor-widget elementor-widget-heading\" data-id=\"8471123\" data-element_type=\"widget\" data-e-type=\"widget\" data-widget_type=\"heading.default\">\n\t\t\t\t\t<h4 class=\"elementor-heading-title elementor-size-default\">La Collectivit\u00e9 s\u2019engage<\/h4>\t\t\t\t<\/div>\n\t\t\t\t<div class=\"elementor-element elementor-element-f0943e2 elementor-widget-divider--view-line elementor-widget elementor-widget-divider\" data-id=\"f0943e2\" data-element_type=\"widget\" data-e-type=\"widget\" data-widget_type=\"divider.default\">\n\t\t\t\t\t\t\t<div class=\"elementor-divider\">\n\t\t\t<span class=\"elementor-divider-separator\">\n\t\t\t\t\t\t<\/span>\n\t\t<\/div>\n\t\t\t\t\t\t<\/div>\n\t\t\t\t<div class=\"elementor-element elementor-element-9ec7a94 elementor-widget__width-initial elementor-widget elementor-widget-text-editor\" data-id=\"9ec7a94\" data-element_type=\"widget\" data-e-type=\"widget\" data-widget_type=\"text-editor.default\">\n\t\t\t\t\t\t\t\t\t<p>Loraine Retif rejoint l\u2019\u00e9quipe. Le budget de l\u2019ann\u00e9e : 3 000 \u20ac. Mesurant la port\u00e9e culturelle de l\u2019\u00e9v\u00e9nement, la Collectivit\u00e9 d\u00e9cide d\u2019accro\u00eetre son soutien d\u00e8s l\u2019ann\u00e9e suivante \u2014 concerts, communication, mat\u00e9riel et personnel du march\u00e9. Elle en devient le principal soutien, et la condition de sa survie.<\/p>\t\t\t\t\t\t\t\t<\/div>\n\t\t\t\t<\/div>\n\t\t\t\t\t<\/div>\n\t\t\t\t<\/div>\n\t\t<div class=\"elementor-element elementor-element-c1b179a e-flex e-con-boxed e-con e-parent\" data-id=\"c1b179a\" data-element_type=\"container\" data-e-type=\"container\" data-settings=\"{&quot;background_background&quot;:&quot;classic&quot;}\">\n\t\t\t\t\t<div class=\"e-con-inner\">\n\t\t<div class=\"elementor-element elementor-element-03f00bb e-con-full e-flex e-con e-child\" data-id=\"03f00bb\" data-element_type=\"container\" data-e-type=\"container\">\n\t\t\t\t<div class=\"elementor-element elementor-element-7e84068 elementor-widget elementor-widget-heading\" data-id=\"7e84068\" data-element_type=\"widget\" data-e-type=\"widget\" data-widget_type=\"heading.default\">\n\t\t\t\t\t<h2 class=\"elementor-heading-title elementor-size-default\">2020-2023<\/h2>\t\t\t\t<\/div>\n\t\t\t\t<div class=\"elementor-element elementor-element-6a85c95 elementor-widget elementor-widget-image\" data-id=\"6a85c95\" data-element_type=\"widget\" data-e-type=\"widget\" data-widget_type=\"image.default\">\n\t\t\t\t\t\t\t\t\t\t\t\t\t\t\t<img loading=\"lazy\" decoding=\"async\" width=\"560\" height=\"339\" src=\"https:\/\/westindiesregatta.com\/wp-content\/uploads\/2026\/08\/1787317604796_image.png\" class=\"attachment-large size-large wp-image-1116\" alt=\"Repr\u00e9sentation du virus SARS-CoV-2\" srcset=\"https:\/\/westindiesregatta.com\/wp-content\/uploads\/2026\/08\/1787317604796_image.png 560w, https:\/\/westindiesregatta.com\/wp-content\/uploads\/2026\/08\/1787317604796_image-300x182.png 300w\" sizes=\"(max-width: 560px) 100vw, 560px\" \/>\t\t\t\t\t\t\t\t\t\t\t\t\t\t\t<\/div>\n\t\t\t\t<\/div>\n\t\t<div class=\"elementor-element elementor-element-3642946 e-con-full e-flex e-con e-child\" data-id=\"3642946\" data-element_type=\"container\" data-e-type=\"container\">\n\t\t\t\t<div class=\"elementor-element elementor-element-59f4e5a elementor-widget elementor-widget-heading\" data-id=\"59f4e5a\" data-element_type=\"widget\" data-e-type=\"widget\" data-widget_type=\"heading.default\">\n\t\t\t\t\t<h4 class=\"elementor-heading-title elementor-size-default\">Trois ann\u00e9es confin\u00e9es<\/h4>\t\t\t\t<\/div>\n\t\t\t\t<div class=\"elementor-element elementor-element-90c3fbe elementor-widget-divider--view-line elementor-widget elementor-widget-divider\" data-id=\"90c3fbe\" data-element_type=\"widget\" data-e-type=\"widget\" data-widget_type=\"divider.default\">\n\t\t\t\t\t\t\t<div class=\"elementor-divider\">\n\t\t\t<span class=\"elementor-divider-separator\">\n\t\t\t\t\t\t<\/span>\n\t\t<\/div>\n\t\t\t\t\t\t<\/div>\n\t\t\t\t<div class=\"elementor-element elementor-element-5f0b43c elementor-widget__width-initial elementor-widget elementor-widget-text-editor\" data-id=\"5f0b43c\" data-element_type=\"widget\" data-e-type=\"widget\" data-widget_type=\"text-editor.default\">\n\t\t\t\t\t\t\t\t\t<p>Le festival est annul\u00e9 trois ann\u00e9es de suite, en raison de la pand\u00e9mie mondiale de Covid-19.<\/p>\t\t\t\t\t\t\t\t<\/div>\n\t\t\t\t<\/div>\n\t\t\t\t\t<\/div>\n\t\t\t\t<\/div>\n\t\t<div class=\"elementor-element elementor-element-d9e4398 e-flex e-con-boxed e-con e-parent\" data-id=\"d9e4398\" data-element_type=\"container\" data-e-type=\"container\" data-settings=\"{&quot;background_background&quot;:&quot;classic&quot;}\">\n\t\t\t\t\t<div class=\"e-con-inner\">\n\t\t<div class=\"elementor-element elementor-element-c10ea84 e-con-full e-flex e-con e-child\" data-id=\"c10ea84\" data-element_type=\"container\" data-e-type=\"container\">\n\t\t\t\t<div class=\"elementor-element elementor-element-78c3426 elementor-widget elementor-widget-heading\" data-id=\"78c3426\" data-element_type=\"widget\" data-e-type=\"widget\" data-widget_type=\"heading.default\">\n\t\t\t\t\t<h2 class=\"elementor-heading-title elementor-size-default\">2023<\/h2>\t\t\t\t<\/div>\n\t\t\t\t<div class=\"elementor-element elementor-element-b178d67 elementor-widget elementor-widget-image\" data-id=\"b178d67\" data-element_type=\"widget\" data-e-type=\"widget\" data-widget_type=\"image.default\">\n\t\t\t\t\t\t\t\t\t\t\t\t\t\t\t<img loading=\"lazy\" decoding=\"async\" width=\"609\" height=\"282\" src=\"https:\/\/westindiesregatta.com\/wp-content\/uploads\/2026\/08\/1787318045272_image.png\" class=\"attachment-large size-large wp-image-1118\" alt=\"Embl\u00e8me du patrimoine culturel immat\u00e9riel de l\u2019humanit\u00e9 de l\u2019UNESCO\" srcset=\"https:\/\/westindiesregatta.com\/wp-content\/uploads\/2026\/08\/1787318045272_image.png 609w, https:\/\/westindiesregatta.com\/wp-content\/uploads\/2026\/08\/1787318045272_image-300x139.png 300w\" sizes=\"(max-width: 609px) 100vw, 609px\" \/>\t\t\t\t\t\t\t\t\t\t\t\t\t\t\t<\/div>\n\t\t\t\t<\/div>\n\t\t<div class=\"elementor-element elementor-element-99bb538 e-con-full e-flex e-con e-child\" data-id=\"99bb538\" data-element_type=\"container\" data-e-type=\"container\">\n\t\t\t\t<div class=\"elementor-element elementor-element-8d506e3 elementor-widget elementor-widget-heading\" data-id=\"8d506e3\" data-element_type=\"widget\" data-e-type=\"widget\" data-widget_type=\"heading.default\">\n\t\t\t\t\t<h4 class=\"elementor-heading-title elementor-size-default\">Reconnaissance officielle de l\u2019UNESCO<\/h4>\t\t\t\t<\/div>\n\t\t\t\t<div class=\"elementor-element elementor-element-d1d637d elementor-widget-divider--view-line elementor-widget elementor-widget-divider\" data-id=\"d1d637d\" data-element_type=\"widget\" data-e-type=\"widget\" data-widget_type=\"divider.default\">\n\t\t\t\t\t\t\t<div class=\"elementor-divider\">\n\t\t\t<span class=\"elementor-divider-separator\">\n\t\t\t\t\t\t<\/span>\n\t\t<\/div>\n\t\t\t\t\t\t<\/div>\n\t\t\t\t<div class=\"elementor-element elementor-element-d8c87b8 elementor-widget__width-initial elementor-widget elementor-widget-text-editor\" data-id=\"d8c87b8\" data-element_type=\"widget\" data-e-type=\"widget\" data-widget_type=\"text-editor.default\">\n\t\t\t\t\t\t\t\t\t<p>Port\u00e9e par les images de Vanishing Sail et par la d\u00e9marche du gouvernement de Grenade, la construction navale traditionnelle de Carriacou et Petite Martinique est inscrite au patrimoine culturel immat\u00e9riel de l\u2019humanit\u00e9 \u2014 au titre des savoir-faire \u00e0 sauvegarder.<\/p>\t\t\t\t\t\t\t\t<\/div>\n\t\t\t\t<\/div>\n\t\t\t\t\t<\/div>\n\t\t\t\t<\/div>\n\t\t<div class=\"elementor-element elementor-element-9d08ed6 e-flex e-con-boxed e-con e-parent\" data-id=\"9d08ed6\" data-element_type=\"container\" data-e-type=\"container\" data-settings=\"{&quot;background_background&quot;:&quot;classic&quot;}\">\n\t\t\t\t\t<div class=\"e-con-inner\">\n\t\t<div class=\"elementor-element elementor-element-87dc96b e-con-full e-flex e-con e-child\" data-id=\"87dc96b\" data-element_type=\"container\" data-e-type=\"container\">\n\t\t\t\t<div class=\"elementor-element elementor-element-49b0088 elementor-widget elementor-widget-heading\" data-id=\"49b0088\" data-element_type=\"widget\" data-e-type=\"widget\" data-widget_type=\"heading.default\">\n\t\t\t\t\t<h2 class=\"elementor-heading-title elementor-size-default\">2023<\/h2>\t\t\t\t<\/div>\n\t\t\t\t<div class=\"elementor-element elementor-element-59ea230 elementor-widget elementor-widget-image\" data-id=\"59ea230\" data-element_type=\"widget\" data-e-type=\"widget\" data-widget_type=\"image.default\">\n\t\t\t\t\t\t\t\t\t\t\t\t\t\t\t<img loading=\"lazy\" decoding=\"async\" width=\"458\" height=\"354\" src=\"https:\/\/westindiesregatta.com\/wp-content\/uploads\/2026\/08\/1787317456344_image.png\" class=\"attachment-large size-large wp-image-1114\" alt=\"Deux membres de l\u2019organisation pr\u00e9sentent l\u2019affiche de la West Indies Regatta sur le quai\" srcset=\"https:\/\/westindiesregatta.com\/wp-content\/uploads\/2026\/08\/1787317456344_image.png 458w, https:\/\/westindiesregatta.com\/wp-content\/uploads\/2026\/08\/1787317456344_image-300x232.png 300w\" sizes=\"(max-width: 458px) 100vw, 458px\" \/>\t\t\t\t\t\t\t\t\t\t\t\t\t\t\t<\/div>\n\t\t\t\t<\/div>\n\t\t<div class=\"elementor-element elementor-element-8fc9b99 e-con-full e-flex e-con e-child\" data-id=\"8fc9b99\" data-element_type=\"container\" data-e-type=\"container\">\n\t\t\t\t<div class=\"elementor-element elementor-element-4047823 elementor-widget elementor-widget-heading\" data-id=\"4047823\" data-element_type=\"widget\" data-e-type=\"widget\" data-widget_type=\"heading.default\">\n\t\t\t\t\t<h4 class=\"elementor-heading-title elementor-size-default\">La r\u00e9gate reprend et change d\u2019\u00e9chelle<\/h4>\t\t\t\t<\/div>\n\t\t\t\t<div class=\"elementor-element elementor-element-3534f23 elementor-widget-divider--view-line elementor-widget elementor-widget-divider\" data-id=\"3534f23\" data-element_type=\"widget\" data-e-type=\"widget\" data-widget_type=\"divider.default\">\n\t\t\t\t\t\t\t<div class=\"elementor-divider\">\n\t\t\t<span class=\"elementor-divider-separator\">\n\t\t\t\t\t\t<\/span>\n\t\t<\/div>\n\t\t\t\t\t\t<\/div>\n\t\t\t\t<div class=\"elementor-element elementor-element-e76bedf elementor-widget__width-initial elementor-widget elementor-widget-text-editor\" data-id=\"e76bedf\" data-element_type=\"widget\" data-e-type=\"widget\" data-widget_type=\"text-editor.default\">\n\t\t\t\t\t\t\t\t\t<p>Sous l\u2019impulsion de Loraine, Rachelle, Valentine et de bien d\u2019autres, la r\u00e9gate est de nouveau organis\u00e9e. Loraine Retif tente de la rebaptiser \u00ab festival \u00bb : elle obtient l\u2019entr\u00e9e des arts de rue. Circassiens et com\u00e9diens interviennent dans les \u00e9coles la semaine pr\u00e9c\u00e9dente, animent le march\u00e9, et referment le week-end par un spectacle le dimanche soir.<\/p><p>La m\u00eame ann\u00e9e, Vincent M. rejoint l\u2019organisation et repense l\u2019implantation du march\u00e9 \u2014 tentes espac\u00e9es, stands de part et d\u2019autre : le nombre d\u2019exposants bondit.<\/p><p>L\u2019ann\u00e9e suivante, d\u00e9plac\u00e9 face \u00e0 la Collectivit\u00e9 pour cause de travaux, le march\u00e9 devient le plus grand de l\u2019\u00eele avec pr\u00e8s de quarante stands. Ce sera la derni\u00e8re participation de Loraine, qui finira par quitter l\u2019\u00eele pour un nouveau projet de vie.<\/p>\t\t\t\t\t\t\t\t<\/div>\n\t\t\t\t<\/div>\n\t\t\t\t\t<\/div>\n\t\t\t\t<\/div>\n\t\t<div class=\"elementor-element elementor-element-61cba08 e-flex e-con-boxed e-con e-parent\" data-id=\"61cba08\" data-element_type=\"container\" data-e-type=\"container\" data-settings=\"{&quot;background_background&quot;:&quot;classic&quot;}\">\n\t\t\t\t\t<div class=\"e-con-inner\">\n\t\t<div class=\"elementor-element elementor-element-9b50ee6 e-con-full e-flex e-con e-child\" data-id=\"9b50ee6\" data-element_type=\"container\" data-e-type=\"container\">\n\t\t\t\t<div class=\"elementor-element elementor-element-75f7bd4 elementor-widget elementor-widget-heading\" data-id=\"75f7bd4\" data-element_type=\"widget\" data-e-type=\"widget\" data-widget_type=\"heading.default\">\n\t\t\t\t\t<h2 class=\"elementor-heading-title elementor-size-default\">2024<\/h2>\t\t\t\t<\/div>\n\t\t\t\t<div class=\"elementor-element elementor-element-e92fe05 elementor-widget elementor-widget-image\" data-id=\"e92fe05\" data-element_type=\"widget\" data-e-type=\"widget\" data-widget_type=\"image.default\">\n\t\t\t\t\t\t\t\t\t\t\t\t\t\t\t<img loading=\"lazy\" decoding=\"async\" width=\"1024\" height=\"768\" src=\"https:\/\/westindiesregatta.com\/wp-content\/uploads\/2026\/08\/1787318274735_WhatsApp_Image_20260821_at_09.17.14-1024x768.jpeg\" class=\"attachment-large size-large wp-image-1119\" alt=\"Coque en construction sous le nouveau toit du chantier de Carriacou\" srcset=\"https:\/\/westindiesregatta.com\/wp-content\/uploads\/2026\/08\/1787318274735_WhatsApp_Image_20260821_at_09.17.14-1024x768.jpeg 1024w, https:\/\/westindiesregatta.com\/wp-content\/uploads\/2026\/08\/1787318274735_WhatsApp_Image_20260821_at_09.17.14-300x225.jpeg 300w, https:\/\/westindiesregatta.com\/wp-content\/uploads\/2026\/08\/1787318274735_WhatsApp_Image_20260821_at_09.17.14-768x576.jpeg 768w, https:\/\/westindiesregatta.com\/wp-content\/uploads\/2026\/08\/1787318274735_WhatsApp_Image_20260821_at_09.17.14-1536x1152.jpeg 1536w, https:\/\/westindiesregatta.com\/wp-content\/uploads\/2026\/08\/1787318274735_WhatsApp_Image_20260821_at_09.17.14.jpeg 1600w\" sizes=\"(max-width: 1024px) 100vw, 1024px\" \/>\t\t\t\t\t\t\t\t\t\t\t\t\t\t\t<\/div>\n\t\t\t\t<\/div>\n\t\t<div class=\"elementor-element elementor-element-789cacc e-con-full e-flex e-con e-child\" data-id=\"789cacc\" data-element_type=\"container\" data-e-type=\"container\">\n\t\t\t\t<div class=\"elementor-element elementor-element-79d68e2 elementor-widget elementor-widget-heading\" data-id=\"79d68e2\" data-element_type=\"widget\" data-e-type=\"widget\" data-widget_type=\"heading.default\">\n\t\t\t\t\t<h4 class=\"elementor-heading-title elementor-size-default\">Le geste reprend<\/h4>\t\t\t\t<\/div>\n\t\t\t\t<div class=\"elementor-element elementor-element-07e38ff elementor-widget-divider--view-line elementor-widget elementor-widget-divider\" data-id=\"07e38ff\" data-element_type=\"widget\" data-e-type=\"widget\" data-widget_type=\"divider.default\">\n\t\t\t\t\t\t\t<div class=\"elementor-divider\">\n\t\t\t<span class=\"elementor-divider-separator\">\n\t\t\t\t\t\t<\/span>\n\t\t<\/div>\n\t\t\t\t\t\t<\/div>\n\t\t\t\t<div class=\"elementor-element elementor-element-19fde8a elementor-widget__width-initial elementor-widget elementor-widget-text-editor\" data-id=\"19fde8a\" data-element_type=\"widget\" data-e-type=\"widget\" data-widget_type=\"text-editor.default\">\n\t\t\t\t\t\t\t\t\t<p>Le 1\u1d49\u02b3 juillet, l\u2019ouragan Beryl d\u00e9vaste Carriacou et envoie par le fond le Carriacou sloop <em>Maristella<\/em>. Grenade annonce dans la foul\u00e9e son intention de cr\u00e9er une Boat Building School ; un site est retenu \u00e0 Windward.<\/p><p>La m\u00eame ann\u00e9e, M. Piero Zipoli, propri\u00e9taire du petit chantier <em>Carriacou Marine<\/em>, finance l\u2019am\u00e9nagement d\u2019un toit pour abriter le lieu de construction, ainsi qu\u2019un premier navire qui est mis en chantier sous les mains du ma\u00eetre charpentier Callistus Enoe, fils d\u2019Alwyn. Le geste change de g\u00e9n\u00e9ration.<\/p><p><em>\u00ab Aider les Carriacou sloops, c\u2019est ma fa\u00e7on de remercier l\u2019\u00eele de Carriacou pour tout ce qu\u2019elle m\u2019a donn\u00e9 pendant tant d\u2019ann\u00e9es. \u00bb<\/em><br>\u2014 Piero Zipoli<\/p>\t\t\t\t\t\t\t\t<\/div>\n\t\t\t\t<\/div>\n\t\t\t\t\t<\/div>\n\t\t\t\t<\/div>\n\t\t<div class=\"elementor-element elementor-element-b499b4a e-flex e-con-boxed e-con e-parent\" data-id=\"b499b4a\" data-element_type=\"container\" data-e-type=\"container\" data-settings=\"{&quot;background_background&quot;:&quot;classic&quot;}\">\n\t\t\t\t\t<div class=\"e-con-inner\">\n\t\t<div class=\"elementor-element elementor-element-24ae06f e-con-full e-flex e-con e-child\" data-id=\"24ae06f\" data-element_type=\"container\" data-e-type=\"container\">\n\t\t\t\t<div class=\"elementor-element elementor-element-28deb25 elementor-widget elementor-widget-heading\" data-id=\"28deb25\" data-element_type=\"widget\" data-e-type=\"widget\" data-widget_type=\"heading.default\">\n\t\t\t\t\t<h2 class=\"elementor-heading-title elementor-size-default\">2025<\/h2>\t\t\t\t<\/div>\n\t\t\t\t<div class=\"elementor-element elementor-element-83fb346 elementor-widget elementor-widget-image\" data-id=\"83fb346\" data-element_type=\"widget\" data-e-type=\"widget\" data-widget_type=\"image.default\">\n\t\t\t\t\t\t\t\t\t\t\t\t\t\t\t<img loading=\"lazy\" decoding=\"async\" width=\"1024\" height=\"768\" src=\"https:\/\/westindiesregatta.com\/wp-content\/uploads\/2026\/08\/wir-2025-flotte-mouillage-1024x768.jpg\" class=\"attachment-large size-large wp-image-1339\" alt=\"Vue a\u00e9rienne de quatre voiliers amarr\u00e9s bord \u00e0 bord au mouillage pendant la West Indies Regatta Festival 2025, \u00e9quipages r\u00e9unis sur les ponts et bras lev\u00e9s, c\u00f4te de Saint-Barth\u00e9lemy en arri\u00e8re-plan.\" srcset=\"https:\/\/westindiesregatta.com\/wp-content\/uploads\/2026\/08\/wir-2025-flotte-mouillage-1024x768.jpg 1024w, https:\/\/westindiesregatta.com\/wp-content\/uploads\/2026\/08\/wir-2025-flotte-mouillage-300x225.jpg 300w, https:\/\/westindiesregatta.com\/wp-content\/uploads\/2026\/08\/wir-2025-flotte-mouillage-768x576.jpg 768w, https:\/\/westindiesregatta.com\/wp-content\/uploads\/2026\/08\/wir-2025-flotte-mouillage-1536x1152.jpg 1536w, https:\/\/westindiesregatta.com\/wp-content\/uploads\/2026\/08\/wir-2025-flotte-mouillage.jpg 1600w\" sizes=\"(max-width: 1024px) 100vw, 1024px\" \/>\t\t\t\t\t\t\t\t\t\t\t\t\t\t\t<\/div>\n\t\t\t\t<\/div>\n\t\t<div class=\"elementor-element elementor-element-21deaeb e-con-full e-flex e-con e-child\" data-id=\"21deaeb\" data-element_type=\"container\" data-e-type=\"container\">\n\t\t\t\t<div class=\"elementor-element elementor-element-df6aaa6 elementor-widget elementor-widget-heading\" data-id=\"df6aaa6\" data-element_type=\"widget\" data-e-type=\"widget\" data-widget_type=\"heading.default\">\n\t\t\t\t\t<h4 class=\"elementor-heading-title elementor-size-default\">L\u2019ann\u00e9e charni\u00e8re : la r\u00e9gate devient un festival<\/h4>\t\t\t\t<\/div>\n\t\t\t\t<div class=\"elementor-element elementor-element-1ee5571 elementor-widget-divider--view-line elementor-widget elementor-widget-divider\" data-id=\"1ee5571\" data-element_type=\"widget\" data-e-type=\"widget\" data-widget_type=\"divider.default\">\n\t\t\t\t\t\t\t<div class=\"elementor-divider\">\n\t\t\t<span class=\"elementor-divider-separator\">\n\t\t\t\t\t\t<\/span>\n\t\t<\/div>\n\t\t\t\t\t\t<\/div>\n\t\t\t\t<div class=\"elementor-element elementor-element-80f6c35 elementor-widget__width-initial elementor-widget elementor-widget-text-editor\" data-id=\"80f6c35\" data-element_type=\"widget\" data-e-type=\"widget\" data-widget_type=\"text-editor.default\">\n\t\t\t\t\t\t\t\t\t<p>Loraine n\u2019est plus l\u00e0, Valentine n\u2019a plus beaucoup de temps, Thierry voit son bateau \u00ab Free in St Barth \u00bb couler dans un malheureux accident, le cirque ne peut pas venir. Les bateaux s\u2019annulent les uns apr\u00e8s les autres. L\u2019\u00e9v\u00e8nement est remis en question : \u00ab la Collectivit\u00e9 va-t-elle soutenir une r\u00e9gate sans bateaux ? \u00bb<\/p><p>Mais le Carriacou sloop bleu <strong>Navasana<\/strong>, ind\u00e9fectible, maintiendra sa participation ! Il sera rejoint au dernier moment par un classic boat gris et blanc de plus de cent ans d\u2019\u00e2ge venu d\u2019Europe, <strong>Nomad<\/strong>, un bateau fibre bleu fonc\u00e9 des \u00celes Vierges britanniques, et <strong>Oumiak<\/strong>, un bateau en aluminium jaune de Saint-Barth.<\/p><p>Bien \u00e9videmment, Navasana gagnera toutes les manches, prouvant que les Carriacou sloops sont les plus rapides ! Plus de 700 personnes seront comptabilis\u00e9es sur les quais lors de la seule soir\u00e9e du samedi.<\/p><p>Le mot d\u2019ordre est lanc\u00e9 : \u00ab la West Indies n\u2019est plus simplement une r\u00e9gate, c\u2019est un festival culturel ! \u00bb et \u00ab la faible pr\u00e9sence des Carriacou sloops est bien la preuve qu\u2019il faut redoubler d\u2019efforts pour les sauvegarder ! \u00bb<\/p>\t\t\t\t\t\t\t\t<\/div>\n\t\t\t\t<\/div>\n\t\t\t\t\t<\/div>\n\t\t\t\t<\/div>\n\t\t<div class=\"elementor-element elementor-element-c28f1cf e-flex e-con-boxed e-con e-parent\" data-id=\"c28f1cf\" data-element_type=\"container\" data-e-type=\"container\" data-settings=\"{&quot;background_background&quot;:&quot;classic&quot;}\">\n\t\t\t\t\t<div class=\"e-con-inner\">\n\t\t<div class=\"elementor-element elementor-element-a119881 e-con-full e-flex e-con e-child\" data-id=\"a119881\" data-element_type=\"container\" data-e-type=\"container\">\n\t\t\t\t<div class=\"elementor-element elementor-element-afc3768 elementor-widget elementor-widget-heading\" data-id=\"afc3768\" data-element_type=\"widget\" data-e-type=\"widget\" data-widget_type=\"heading.default\">\n\t\t\t\t\t<h2 class=\"elementor-heading-title elementor-size-default\">Avril 2026<\/h2>\t\t\t\t<\/div>\n\t\t\t\t<div class=\"elementor-element elementor-element-aeafb0a elementor-widget elementor-widget-image\" data-id=\"aeafb0a\" data-element_type=\"widget\" data-e-type=\"widget\" data-widget_type=\"image.default\">\n\t\t\t\t\t\t\t\t\t\t\t\t\t\t\t<img loading=\"lazy\" decoding=\"async\" width=\"1024\" height=\"683\" src=\"https:\/\/westindiesregatta.com\/wp-content\/uploads\/2026\/08\/dwight-logan-west-indies-2026-1024x683.jpg\" class=\"attachment-large size-large wp-image-1124\" alt=\"Un repr\u00e9sentant de Carriacou et Grenade s\u2019adresse au public, drapeau grenadien \u00e0 la main, sur la sc\u00e8ne du festival\" srcset=\"https:\/\/westindiesregatta.com\/wp-content\/uploads\/2026\/08\/dwight-logan-west-indies-2026-1024x683.jpg 1024w, https:\/\/westindiesregatta.com\/wp-content\/uploads\/2026\/08\/dwight-logan-west-indies-2026-300x200.jpg 300w, https:\/\/westindiesregatta.com\/wp-content\/uploads\/2026\/08\/dwight-logan-west-indies-2026-768x512.jpg 768w, https:\/\/westindiesregatta.com\/wp-content\/uploads\/2026\/08\/dwight-logan-west-indies-2026-1536x1024.jpg 1536w, https:\/\/westindiesregatta.com\/wp-content\/uploads\/2026\/08\/dwight-logan-west-indies-2026.jpg 1600w\" sizes=\"(max-width: 1024px) 100vw, 1024px\" \/>\t\t\t\t\t\t\t\t\t\t\t\t\t\t\t<\/div>\n\t\t\t\t<\/div>\n\t\t<div class=\"elementor-element elementor-element-aa97e96 e-con-full e-flex e-con e-child\" data-id=\"aa97e96\" data-element_type=\"container\" data-e-type=\"container\">\n\t\t\t\t<div class=\"elementor-element elementor-element-3b62750 elementor-widget elementor-widget-heading\" data-id=\"3b62750\" data-element_type=\"widget\" data-e-type=\"widget\" data-widget_type=\"heading.default\">\n\t\t\t\t\t<h4 class=\"elementor-heading-title elementor-size-default\">La 15\u1d49 \u00e9dition avec les fondateurs et Carriacou<\/h4>\t\t\t\t<\/div>\n\t\t\t\t<div class=\"elementor-element elementor-element-3a1af7c elementor-widget-divider--view-line elementor-widget elementor-widget-divider\" data-id=\"3a1af7c\" data-element_type=\"widget\" data-e-type=\"widget\" data-widget_type=\"divider.default\">\n\t\t\t\t\t\t\t<div class=\"elementor-divider\">\n\t\t\t<span class=\"elementor-divider-separator\">\n\t\t\t\t\t\t<\/span>\n\t\t<\/div>\n\t\t\t\t\t\t<\/div>\n\t\t\t\t<div class=\"elementor-element elementor-element-619e2d5 elementor-widget__width-initial elementor-widget elementor-widget-text-editor\" data-id=\"619e2d5\" data-element_type=\"widget\" data-e-type=\"widget\" data-widget_type=\"text-editor.default\">\n\t\t\t\t\t\t\t\t\t<p>Une dizaine de bateaux attendus, et la pr\u00e9sence des fondateurs : Alexis Andrews, Aragorn, Loulou Magras, Bruno Gr\u00e9aux \u2014 alors directeur du port en 2009 \u2014 et le fils de Daniel Blanchard. Trois films \u00e0 l\u2019affiche : <em>Vanishing Sail<\/em>, <em>Quest of the Caribbean Canoe<\/em> et <em>Ocean<\/em> de David Attenborough.<\/p><p>Et, pour la premi\u00e8re fois, les gouvernements de Carriacou et de Grenade envoient un repr\u00e9sentant officiel : Dwight Logan, conseiller du ministre de Carriacou et Petite Martinique. Il vient annoncer le lancement des travaux de l\u2019\u00e9cole de construction navale \u2014 et la commande de trois bateaux suppl\u00e9mentaires.<\/p>\t\t\t\t\t\t\t\t<\/div>\n\t\t\t\t<\/div>\n\t\t\t\t\t<\/div>\n\t\t\t\t<\/div>\n\t\t<div class=\"elementor-element elementor-element-a124932 e-flex e-con-boxed e-con e-parent\" data-id=\"a124932\" data-element_type=\"container\" data-e-type=\"container\" data-settings=\"{&quot;background_background&quot;:&quot;classic&quot;}\">\n\t\t\t\t\t<div class=\"e-con-inner\">\n\t\t<div class=\"elementor-element elementor-element-7015566 e-con-full e-flex e-con e-child\" data-id=\"7015566\" data-element_type=\"container\" data-e-type=\"container\">\n\t\t\t\t<div class=\"elementor-element elementor-element-b12f187 elementor-widget elementor-widget-heading\" data-id=\"b12f187\" data-element_type=\"widget\" data-e-type=\"widget\" data-widget_type=\"heading.default\">\n\t\t\t\t\t<h2 class=\"elementor-heading-title elementor-size-default\">31 juillet \u2013 2 ao\u00fbt 2026<\/h2>\t\t\t\t<\/div>\n\t\t\t\t<div class=\"elementor-element elementor-element-bd2a400 elementor-widget elementor-widget-image\" data-id=\"bd2a400\" data-element_type=\"widget\" data-e-type=\"widget\" data-widget_type=\"image.default\">\n\t\t\t\t\t\t\t\t\t\t\t\t\t\t\t<img loading=\"lazy\" decoding=\"async\" width=\"335\" height=\"597\" src=\"https:\/\/westindiesregatta.com\/wp-content\/uploads\/2026\/08\/1787318745044_image.png\" class=\"attachment-large size-large wp-image-1123\" alt=\"Affiche du Carriacou Regatta Festival, du 31 juillet au 2 ao\u00fbt 2026\" srcset=\"https:\/\/westindiesregatta.com\/wp-content\/uploads\/2026\/08\/1787318745044_image.png 335w, https:\/\/westindiesregatta.com\/wp-content\/uploads\/2026\/08\/1787318745044_image-168x300.png 168w\" sizes=\"(max-width: 335px) 100vw, 335px\" \/>\t\t\t\t\t\t\t\t\t\t\t\t\t\t\t<\/div>\n\t\t\t\t<\/div>\n\t\t<div class=\"elementor-element elementor-element-744a07a e-con-full e-flex e-con e-child\" data-id=\"744a07a\" data-element_type=\"container\" data-e-type=\"container\">\n\t\t\t\t<div class=\"elementor-element elementor-element-6aa38f4 elementor-widget elementor-widget-heading\" data-id=\"6aa38f4\" data-element_type=\"widget\" data-e-type=\"widget\" data-widget_type=\"heading.default\">\n\t\t\t\t\t<h4 class=\"elementor-heading-title elementor-size-default\">La red\u00e9couverte du Carriacou Regatta Festival !<\/h4>\t\t\t\t<\/div>\n\t\t\t\t<div class=\"elementor-element elementor-element-c9869ff elementor-widget-divider--view-line elementor-widget elementor-widget-divider\" data-id=\"c9869ff\" data-element_type=\"widget\" data-e-type=\"widget\" data-widget_type=\"divider.default\">\n\t\t\t\t\t\t\t<div class=\"elementor-divider\">\n\t\t\t<span class=\"elementor-divider-separator\">\n\t\t\t\t\t\t<\/span>\n\t\t<\/div>\n\t\t\t\t\t\t<\/div>\n\t\t\t\t<div class=\"elementor-element elementor-element-e5f2f7f elementor-widget__width-initial elementor-widget elementor-widget-text-editor\" data-id=\"e5f2f7f\" data-element_type=\"widget\" data-e-type=\"widget\" data-widget_type=\"text-editor.default\">\n\t\t\t\t\t\t\t\t\t<p>Vincent M. fait le d\u00e9placement \u00e0 Carriacou et \u00e0 Grenade pour le Carriacou Regatta Festival, scellant le lien qui unit d\u00e9sormais les deux r\u00e9gates. Celle de Carriacou existe depuis soixante ans, mais elle n\u2019avait pas pu se tenir les deux ann\u00e9es pr\u00e9c\u00e9dentes, l\u2019\u00eele se relevant du passage de Beryl.<\/p><p>Ce fut l\u2019occasion pour Saint-Barth de red\u00e9couvrir cette \u00eele et son h\u00e9ritage maritime. Mais aussi, pour Carriacou, de red\u00e9couvrir qu\u2019elle n\u2019est pas seule \u2014 et que les cinq Carriacou sloops pr\u00e9sents ne le sont pas davantage : il en existe au moins sept autres dans le nord des Antilles.<\/p><p>Un travail est alors entrepris pour tous les retrouver et dresser le premier inventaire des Carriacou sloops encore vivants. Vous le trouverez sur la page <a href=\"\/en\/charpentiers\/\">Histoire des bateaux<\/a>.<\/p>\t\t\t\t\t\t\t\t<\/div>\n\t\t\t\t<\/div>\n\t\t\t\t\t<\/div>\n\t\t\t\t<\/div>\n\t\t<div class=\"elementor-element elementor-element-44a8d9a e-flex e-con-boxed e-con e-parent\" data-id=\"44a8d9a\" data-element_type=\"container\" data-e-type=\"container\" data-settings=\"{&quot;background_background&quot;:&quot;classic&quot;}\">\n\t\t\t\t\t<div class=\"e-con-inner\">\n\t\t<div class=\"elementor-element elementor-element-26550f9 e-con-full e-flex e-con e-child\" data-id=\"26550f9\" data-element_type=\"container\" data-e-type=\"container\">\n\t\t\t\t<div class=\"elementor-element elementor-element-a52634b elementor-widget elementor-widget-heading\" data-id=\"a52634b\" data-element_type=\"widget\" data-e-type=\"widget\" data-widget_type=\"heading.default\">\n\t\t\t\t\t<h2 class=\"elementor-heading-title elementor-size-default\">2027<\/h2>\t\t\t\t<\/div>\n\t\t\t\t<\/div>\n\t\t<div class=\"elementor-element elementor-element-f602d97 e-con-full e-flex e-con e-child\" data-id=\"f602d97\" data-element_type=\"container\" data-e-type=\"container\">\n\t\t\t\t<div class=\"elementor-element elementor-element-e853ad4 elementor-widget elementor-widget-heading\" data-id=\"e853ad4\" data-element_type=\"widget\" data-e-type=\"widget\" data-widget_type=\"heading.default\">\n\t\t\t\t\t<h4 class=\"elementor-heading-title elementor-size-default\">La suite<\/h4>\t\t\t\t<\/div>\n\t\t\t\t<div class=\"elementor-element elementor-element-530e61f elementor-widget-divider--view-line elementor-widget elementor-widget-divider\" data-id=\"530e61f\" data-element_type=\"widget\" data-e-type=\"widget\" data-widget_type=\"divider.default\">\n\t\t\t\t\t\t\t<div class=\"elementor-divider\">\n\t\t\t<span class=\"elementor-divider-separator\">\n\t\t\t\t\t\t<\/span>\n\t\t<\/div>\n\t\t\t\t\t\t<\/div>\n\t\t\t\t<div class=\"elementor-element elementor-element-896f2e8 elementor-widget__width-initial elementor-widget elementor-widget-text-editor\" data-id=\"896f2e8\" data-element_type=\"widget\" data-e-type=\"widget\" data-widget_type=\"text-editor.default\">\n\t\t\t\t\t\t\t\t\t<p>Nous esp\u00e9rons que des bateaux feront \u00e0 nouveau la route depuis Carriacou, et que l\u2019\u00eele sera de retour \u00e0 Gustavia.<\/p>\t\t\t\t\t\t\t\t<\/div>\n\t\t\t\t<\/div>\n\t\t\t\t\t<\/div>\n\t\t\t\t<\/div>\n\t\t\t\t<\/div>","protected":false},"excerpt":{"rendered":"<p>Histoire du Festival \u00ab West Indies Regatta \u00bb De la red\u00e9couverte d\u2019une petite \u00eele perdue dans les Antilles \u00e0 la [&hellip;]<\/p>\n","protected":false},"author":1,"featured_media":0,"parent":0,"menu_order":0,"comment_status":"closed","ping_status":"closed","template":"","meta":{"site-sidebar-layout":"no-sidebar","site-content-layout":"","ast-site-content-layout":"full-width-container","site-content-style":"default","site-sidebar-style":"default","ast-global-header-display":"","ast-banner-title-visibility":"","ast-main-header-display":"","ast-hfb-above-header-display":"","ast-hfb-below-header-display":"","ast-hfb-mobile-header-display":"","site-post-title":"","ast-breadcrumbs-content":"","ast-featured-img":"disabled","footer-sml-layout":"","ast-disable-related-posts":"","theme-transparent-header-meta":"","adv-header-id-meta":"","stick-header-meta":"","header-above-stick-meta":"","header-main-stick-meta":"","header-below-stick-meta":"","astra-migrate-meta-layouts":"default","ast-page-background-enabled":"default","ast-page-background-meta":{"desktop":{"background-color":"var(--ast-global-color-5)","background-image":"","background-repeat":"repeat","background-position":"center center","background-size":"auto","background-attachment":"scroll","background-type":"","background-media":"","overlay-type":"","overlay-color":"","overlay-opacity":"","overlay-gradient":""},"tablet":{"background-color":"","background-image":"","background-repeat":"repeat","background-position":"center center","background-size":"auto","background-attachment":"scroll","background-type":"","background-media":"","overlay-type":"","overlay-color":"","overlay-opacity":"","overlay-gradient":""},"mobile":{"background-color":"","background-image":"","background-repeat":"repeat","background-position":"center center","background-size":"auto","background-attachment":"scroll","background-type":"","background-media":"","overlay-type":"","overlay-color":"","overlay-opacity":"","overlay-gradient":""}},"ast-content-background-meta":{"desktop":{"background-color":"var(--ast-global-color-4)","background-image":"","background-repeat":"repeat","background-position":"center center","background-size":"auto","background-attachment":"scroll","background-type":"","background-media":"","overlay-type":"","overlay-color":"","overlay-opacity":"","overlay-gradient":""},"tablet":{"background-color":"var(--ast-global-color-4)","background-image":"","background-repeat":"repeat","background-position":"center center","background-size":"auto","background-attachment":"scroll","background-type":"","background-media":"","overlay-type":"","overlay-color":"","overlay-opacity":"","overlay-gradient":""},"mobile":{"background-color":"var(--ast-global-color-4)","background-image":"","background-repeat":"repeat","background-position":"center center","background-size":"auto","background-attachment":"scroll","background-type":"","background-media":"","overlay-type":"","overlay-color":"","overlay-opacity":"","overlay-gradient":""}},"footnotes":""},"class_list":["post-924","page","type-page","status-publish","hentry"],"_hostinger_reach_plugin_has_subscription_block":false,"_hostinger_reach_plugin_is_elementor":false,"_links":{"self":[{"href":"https:\/\/westindiesregatta.com\/en\/wp-json\/wp\/v2\/pages\/924","targetHints":{"allow":["GET"]}}],"collection":[{"href":"https:\/\/westindiesregatta.com\/en\/wp-json\/wp\/v2\/pages"}],"about":[{"href":"https:\/\/westindiesregatta.com\/en\/wp-json\/wp\/v2\/types\/page"}],"author":[{"embeddable":true,"href":"https:\/\/westindiesregatta.com\/en\/wp-json\/wp\/v2\/users\/1"}],"replies":[{"embeddable":true,"href":"https:\/\/westindiesregatta.com\/en\/wp-json\/wp\/v2\/comments?post=924"}],"version-history":[{"count":58,"href":"https:\/\/westindiesregatta.com\/en\/wp-json\/wp\/v2\/pages\/924\/revisions"}],"predecessor-version":[{"id":1345,"href":"https:\/\/westindiesregatta.com\/en\/wp-json\/wp\/v2\/pages\/924\/revisions\/1345"}],"wp:attachment":[{"href":"https:\/\/westindiesregatta.com\/en\/wp-json\/wp\/v2\/media?parent=924"}],"curies":[{"name":"wp","href":"https:\/\/api.w.org\/{rel}","templated":true}]}}