{"id":844,"date":"2026-04-04T02:26:32","date_gmt":"2026-04-04T06:26:32","guid":{"rendered":"https:\/\/westindiesregatta.com\/?page_id=844"},"modified":"2026-08-31T09:25:29","modified_gmt":"2026-08-31T13:25:29","slug":"presentation-complete","status":"publish","type":"page","link":"https:\/\/westindiesregatta.com\/en\/presentation-complete\/","title":{"rendered":"Pr\u00e9sentation compl\u00e8te"},"content":{"rendered":"<div data-elementor-type=\"wp-page\" data-elementor-id=\"844\" class=\"elementor elementor-844\">\n\t\t\t\t<div class=\"elementor-element elementor-element-db0bb42 e-con-full e-flex e-con e-parent\" data-id=\"db0bb42\" data-element_type=\"container\" data-e-type=\"container\" data-settings=\"{&quot;background_background&quot;:&quot;classic&quot;}\">\n\t\t<div class=\"elementor-element elementor-element-cbdd70a e-flex e-con-boxed e-con e-child\" data-id=\"cbdd70a\" data-element_type=\"container\" data-e-type=\"container\">\n\t\t\t\t\t<div class=\"e-con-inner\">\n\t\t\t\t<div class=\"elementor-element elementor-element-5a1e420 elementor-widget elementor-widget-heading\" data-id=\"5a1e420\" data-element_type=\"widget\" data-e-type=\"widget\" data-widget_type=\"heading.default\">\n\t\t\t\t\t<h2 class=\"elementor-heading-title elementor-size-default\">West Indies Regatta Festival<\/h2>\t\t\t\t<\/div>\n\t\t\t\t<div class=\"elementor-element elementor-element-795d26e elementor-widget elementor-widget-text-editor\" data-id=\"795d26e\" data-element_type=\"widget\" data-e-type=\"widget\" data-widget_type=\"text-editor.default\">\n\t\t\t\t\t\t\t\t\t<p>Un \u00e9v\u00e9nement culturel majeur au c\u0153ur des Cara\u00efbes.<\/p>\t\t\t\t\t\t\t\t<\/div>\n\t\t\t\t<div class=\"elementor-element elementor-element-5b7b137 elementor-widget elementor-widget-text-editor\" data-id=\"5b7b137\" data-element_type=\"widget\" data-e-type=\"widget\" data-widget_type=\"text-editor.default\">\n\t\t\t\t\t\t\t\t\t<p>La West Indies Regatta Festival est un \u00e9v\u00e9nement culturel annuel qui se d\u00e9roule chaque ann\u00e9e \u00e0 la fin du mois d\u2019avril \u00e0 Gustavia, sur l\u2019\u00eele de Saint-Barth\u00e9lemy, au c\u0153ur des Antilles fran\u00e7aises.<\/p><p>Pendant trois jours, le port et les quais se transforment en un v\u00e9ritable lieu de rencontre entre la mer, la culture et les traditions carib\u00e9ennes.<\/p><p>La r\u00e9gate, le march\u00e9 et les concerts composent ensemble un festival vivant, profond\u00e9ment inspir\u00e9 par l\u2019histoire maritime des \u00eeles.<\/p>\t\t\t\t\t\t\t\t<\/div>\n\t\t\t\t<div class=\"elementor-element elementor-element-e5d689c elementor-widget elementor-widget-image\" data-id=\"e5d689c\" data-element_type=\"widget\" data-e-type=\"widget\" data-widget_type=\"image.default\">\n\t\t\t\t\t\t\t\t\t\t\t\t\t\t\t<img fetchpriority=\"high\" decoding=\"async\" width=\"1170\" height=\"881\" src=\"https:\/\/westindiesregatta.com\/wp-content\/uploads\/2026\/08\/wir-marche-nuit-quai-gustavia.jpg\" class=\"attachment-full size-full wp-image-1282\" alt=\"Vue a\u00e9rienne nocturne du quai de Gustavia pendant la West Indies Regatta Festival : les tentes blanches du march\u00e9 artisanal, la foule le long du quai et un grand voilier illumin\u00e9 en rouge \u00e0 quai.\" srcset=\"https:\/\/westindiesregatta.com\/wp-content\/uploads\/2026\/08\/wir-marche-nuit-quai-gustavia.jpg 1170w, https:\/\/westindiesregatta.com\/wp-content\/uploads\/2026\/08\/wir-marche-nuit-quai-gustavia-300x226.jpg 300w, https:\/\/westindiesregatta.com\/wp-content\/uploads\/2026\/08\/wir-marche-nuit-quai-gustavia-1024x771.jpg 1024w, https:\/\/westindiesregatta.com\/wp-content\/uploads\/2026\/08\/wir-marche-nuit-quai-gustavia-768x578.jpg 768w\" sizes=\"(max-width: 1170px) 100vw, 1170px\" \/>\t\t\t\t\t\t\t\t\t\t\t\t\t\t\t<\/div>\n\t\t\t\t\t<\/div>\n\t\t\t\t<\/div>\n\t\t\t\t<\/div>\n\t\t<div class=\"elementor-element elementor-element-e28c806 e-flex e-con-boxed e-con e-parent\" data-id=\"e28c806\" data-element_type=\"container\" data-e-type=\"container\" data-settings=\"{&quot;background_background&quot;:&quot;classic&quot;}\">\n\t\t\t\t\t<div class=\"e-con-inner\">\n\t\t<div class=\"elementor-element elementor-element-17d25d2 e-con-full e-flex e-con e-child\" data-id=\"17d25d2\" data-element_type=\"container\" data-e-type=\"container\">\n\t\t\t\t<div class=\"elementor-element elementor-element-0e2add5 elementor-widget elementor-widget-heading\" data-id=\"0e2add5\" data-element_type=\"widget\" data-e-type=\"widget\" data-widget_type=\"heading.default\">\n\t\t\t\t\t<h2 class=\"elementor-heading-title elementor-size-default\">Pr\u00e9server le patrimoine maritime carib\u00e9en<\/h2>\t\t\t\t<\/div>\n\t\t\t\t<div class=\"elementor-element elementor-element-a557109 elementor-widget elementor-widget-text-editor\" data-id=\"a557109\" data-element_type=\"widget\" data-e-type=\"widget\" data-widget_type=\"text-editor.default\">\n\t\t\t\t\t\t\t\t\t<p>Un savoir-faire unique, transmis de g\u00e9n\u00e9ration en g\u00e9n\u00e9ration.<\/p>\t\t\t\t\t\t\t\t<\/div>\n\t\t\t\t<div class=\"elementor-element elementor-element-e3e8287 elementor-widget elementor-widget-text-editor\" data-id=\"e3e8287\" data-element_type=\"widget\" data-e-type=\"widget\" data-widget_type=\"text-editor.default\">\n\t\t\t\t\t\t\t\t\t<p>La West Indies Regatta a commenc\u00e9 en 2009 dans le but de mettre \u00e0 l\u2019honneur les \u201cCarriacou sloops\u201d, ces embarcations antillaises traditionnelles, construites enti\u00e8rement en bois et fa\u00e7onn\u00e9es \u00e0 la main sur les plages de Carriacou et de Petite Martinique.<\/p>\n\n<p>Ces bateaux uniques sont r\u00e9alis\u00e9s selon des techniques transmises de g\u00e9n\u00e9ration en g\u00e9n\u00e9ration, t\u00e9moignant d\u2019un savoir-faire maritime exceptionnel.<\/p>\n\n<p>Aujourd\u2019hui, il ne reste plus qu\u2019une dizaine de ces sloops encore navigables, faisant d\u2019eux de v\u00e9ritables symboles du patrimoine carib\u00e9en.<\/p>\n\n<p>Au-del\u00e0 de la r\u00e9gate, l\u2019\u00e9v\u00e9nement joue un r\u00f4le essentiel dans la pr\u00e9servation de cet h\u00e9ritage, notamment \u00e0 travers des initiatives majeures comme la construction du dernier sloop \u201cFree in Saint Barth\u201d en 2015, la r\u00e9alisation du film <em>Vanishing Sail<\/em> en 2015, ou encore leur inscription au patrimoine culturel immat\u00e9riel de l\u2019humanit\u00e9 par l\u2019UNESCO en 2023.<\/p>\t\t\t\t\t\t\t\t<\/div>\n\t\t\t\t<div class=\"elementor-element elementor-element-65960d8 elementor-widget elementor-widget-image\" data-id=\"65960d8\" data-element_type=\"widget\" data-e-type=\"widget\" data-widget_type=\"image.default\">\n\t\t\t\t\t\t\t\t\t\t\t\t\t\t\t<img decoding=\"async\" width=\"682\" height=\"1024\" src=\"https:\/\/westindiesregatta.com\/wp-content\/uploads\/2026\/08\/wir-mat-bois-greement-aurique-682x1024.jpg\" class=\"attachment-large size-large wp-image-1283\" alt=\"Gros plan sur le m\u00e2t en bois verni d&#039;un sloop traditionnel carib\u00e9en : colliers de fixation de la corne, cordages en fibre et voile cousue main, en navigation.\" srcset=\"https:\/\/westindiesregatta.com\/wp-content\/uploads\/2026\/08\/wir-mat-bois-greement-aurique-682x1024.jpg 682w, https:\/\/westindiesregatta.com\/wp-content\/uploads\/2026\/08\/wir-mat-bois-greement-aurique-200x300.jpg 200w, https:\/\/westindiesregatta.com\/wp-content\/uploads\/2026\/08\/wir-mat-bois-greement-aurique-768x1154.jpg 768w, https:\/\/westindiesregatta.com\/wp-content\/uploads\/2026\/08\/wir-mat-bois-greement-aurique-1022x1536.jpg 1022w, https:\/\/westindiesregatta.com\/wp-content\/uploads\/2026\/08\/wir-mat-bois-greement-aurique.jpg 1059w\" sizes=\"(max-width: 682px) 100vw, 682px\" \/>\t\t\t\t\t\t\t\t\t\t\t\t\t\t\t<\/div>\n\t\t\t\t<\/div>\n\t\t\t\t\t<\/div>\n\t\t\t\t<\/div>\n\t\t<div class=\"elementor-element elementor-element-d14a678 e-con-full e-flex e-con e-parent\" data-id=\"d14a678\" data-element_type=\"container\" data-e-type=\"container\" data-settings=\"{&quot;background_background&quot;:&quot;classic&quot;}\">\n\t\t<div class=\"elementor-element elementor-element-e267c52 e-flex e-con-boxed e-con e-child\" data-id=\"e267c52\" data-element_type=\"container\" data-e-type=\"container\">\n\t\t\t\t\t<div class=\"e-con-inner\">\n\t\t\t\t<div class=\"elementor-element elementor-element-eb43de5 elementor-widget elementor-widget-heading\" data-id=\"eb43de5\" data-element_type=\"widget\" data-e-type=\"widget\" data-widget_type=\"heading.default\">\n\t\t\t\t\t<h2 class=\"elementor-heading-title elementor-size-default\">La r\u00e9gate<\/h2>\t\t\t\t<\/div>\n\t\t\t\t<div class=\"elementor-element elementor-element-0ac77e0 elementor-widget elementor-widget-text-editor\" data-id=\"0ac77e0\" data-element_type=\"widget\" data-e-type=\"widget\" data-widget_type=\"text-editor.default\">\n\t\t\t\t\t\t\t\t\t<p>Un rendez-vous unique entre tradition, navigation et esprit carib\u00e9en.<\/p>\t\t\t\t\t\t\t\t<\/div>\n\t\t\t\t<div class=\"elementor-element elementor-element-dc26b88 elementor-widget elementor-widget-text-editor\" data-id=\"dc26b88\" data-element_type=\"widget\" data-e-type=\"widget\" data-widget_type=\"text-editor.default\">\n\t\t\t\t\t\t\t\t\t<p>La r\u00e9gate se d\u00e9roule chaque ann\u00e9e le dernier week-end du mois d\u2019avril, juste apr\u00e8s la c\u00e9l\u00e8bre Classic Regatta d\u2019Antigua. Ce choix permet aux bateaux venant de loin, notamment de Carriacou, de participer aux deux \u00e9v\u00e9nements sans contrainte.<\/p>\n\n<p>Aux c\u00f4t\u00e9s des embl\u00e9matiques Carriacou sloops, on retrouve \u00e9galement d\u2019autres bateaux classiques en bois, souvent venus d\u2019Europe ou des \u00c9tats-Unis, qui font escale dans les Cara\u00efbes avant leur travers\u00e9e retour.<\/p>\n\n<p>La r\u00e9gate est ouverte \u00e0 tous les passionn\u00e9s de navigation traditionnelle, dans un esprit \u00e0 la fois sportif, convivial et profond\u00e9ment ancr\u00e9 dans la culture maritime des \u00eeles.<\/p>\n\n<p>Le parcours volontairement simple laisse place \u00e0 des moments uniques, notamment les d\u00e9jeuners en mer du samedi et du dimanche, o\u00f9 les bateaux s\u2019attachent les uns aux autres pour former une v\u00e9ritable \u201cflotilla\u201d, symbole de partage et de convivialit\u00e9.<\/p>\t\t\t\t\t\t\t\t<\/div>\n\t\t\t\t<div class=\"elementor-element elementor-element-7d73bb3 elementor-widget elementor-widget-image\" data-id=\"7d73bb3\" data-element_type=\"widget\" data-e-type=\"widget\" data-widget_type=\"image.default\">\n\t\t\t\t\t\t\t\t\t\t\t\t\t\t\t<img decoding=\"async\" width=\"949\" height=\"689\" src=\"https:\/\/westindiesregatta.com\/wp-content\/uploads\/2026\/08\/wir-flotte-sloops-regate.jpg\" class=\"attachment-full size-full wp-image-1288\" alt=\"Six sloops traditionnels des Cara\u00efbes rassembl\u00e9s bord \u00e0 bord au mouillage pendant la West Indies Regatta, \u00e9quipages debout sur les ponts bras lev\u00e9s, un marin grimp\u00e9 dans le m\u00e2t.\" srcset=\"https:\/\/westindiesregatta.com\/wp-content\/uploads\/2026\/08\/wir-flotte-sloops-regate.jpg 949w, https:\/\/westindiesregatta.com\/wp-content\/uploads\/2026\/08\/wir-flotte-sloops-regate-300x218.jpg 300w, https:\/\/westindiesregatta.com\/wp-content\/uploads\/2026\/08\/wir-flotte-sloops-regate-768x558.jpg 768w\" sizes=\"(max-width: 949px) 100vw, 949px\" \/>\t\t\t\t\t\t\t\t\t\t\t\t\t\t\t<\/div>\n\t\t\t\t<div class=\"elementor-element elementor-element-753a28a elementor-align-center elementor-widget elementor-widget-button\" data-id=\"753a28a\" data-element_type=\"widget\" data-e-type=\"widget\" data-widget_type=\"button.default\">\n\t\t\t\t\t\t\t\t\t\t<a class=\"elementor-button elementor-button-link elementor-size-md\" href=\"https:\/\/westindiesregatta.com\/en\/sinscrire\/\">\n\t\t\t\t\t\t<span class=\"elementor-button-content-wrapper\">\n\t\t\t\t\t\t\t\t\t<span class=\"elementor-button-text\">Inscrire son bateau<\/span>\n\t\t\t\t\t<\/span>\n\t\t\t\t\t<\/a>\n\t\t\t\t\t\t\t\t<\/div>\n\t\t\t\t\t<\/div>\n\t\t\t\t<\/div>\n\t\t\t\t<\/div>\n\t\t<div class=\"elementor-element elementor-element-419374c e-flex e-con-boxed e-con e-parent\" data-id=\"419374c\" data-element_type=\"container\" data-e-type=\"container\" data-settings=\"{&quot;background_background&quot;:&quot;classic&quot;}\">\n\t\t\t\t\t<div class=\"e-con-inner\">\n\t\t<div class=\"elementor-element elementor-element-f8c0dd2 e-con-full e-flex e-con e-child\" data-id=\"f8c0dd2\" data-element_type=\"container\" data-e-type=\"container\">\n\t\t\t\t<div class=\"elementor-element elementor-element-73f4487 elementor-widget elementor-widget-heading\" data-id=\"73f4487\" data-element_type=\"widget\" data-e-type=\"widget\" data-widget_type=\"heading.default\">\n\t\t\t\t\t<h2 class=\"elementor-heading-title elementor-size-default\">Promouvoir l\u2019\u00e9change culturel entre les \u00eeles<\/h2>\t\t\t\t<\/div>\n\t\t\t\t<div class=\"elementor-element elementor-element-282358e elementor-widget elementor-widget-text-editor\" data-id=\"282358e\" data-element_type=\"widget\" data-e-type=\"widget\" data-widget_type=\"text-editor.default\">\n\t\t\t\t\t\t\t\t\t<p>Un festival qui rassemble bien plus que des bateaux.<\/p>\t\t\t\t\t\t\t\t<\/div>\n\t\t\t\t<div class=\"elementor-element elementor-element-6b0672b elementor-widget elementor-widget-text-editor\" data-id=\"6b0672b\" data-element_type=\"widget\" data-e-type=\"widget\" data-widget_type=\"text-editor.default\">\n\t\t\t\t\t\t\t\t\t<p>La West Indies Regatta est avant tout une rencontre entre les cultures carib\u00e9ennes, un moment o\u00f9 les \u00eeles se reconnectent autour de leur histoire commune.<\/p>\n\n<p>Les participants \u00e0 la r\u00e9gate, les artisans du march\u00e9 et les musiciens viennent, autant que possible, des \u00eeles voisines, apportant avec eux leurs traditions, leurs savoir-faire et leur identit\u00e9.<\/p>\n\n<p>Cet esprit d\u2019ouverture favorise les \u00e9changes, les rencontres et le partage entre les diff\u00e9rentes communaut\u00e9s de la r\u00e9gion, dans une atmosph\u00e8re chaleureuse et authentique.<\/p>\n\n<p>L\u2019\u00e9v\u00e9nement c\u00e9l\u00e8bre ainsi la richesse et la diversit\u00e9 des cultures des Antilles, dans un esprit de mixit\u00e9, de respect et de fraternit\u00e9 maritime.<\/p>\t\t\t\t\t\t\t\t<\/div>\n\t\t\t\t<div class=\"elementor-element elementor-element-c929997 elementor-widget elementor-widget-image\" data-id=\"c929997\" data-element_type=\"widget\" data-e-type=\"widget\" data-widget_type=\"image.default\">\n\t\t\t\t\t\t\t\t\t\t\t\t\t\t\t<img loading=\"lazy\" decoding=\"async\" width=\"1077\" height=\"736\" src=\"https:\/\/westindiesregatta.com\/wp-content\/uploads\/2026\/08\/wir-remise-des-prix-equipages.jpg\" class=\"attachment-full size-full wp-image-1289\" alt=\"Remise des prix nocturne sous chapiteau : les \u00e9quipages venus des diff\u00e9rentes \u00eeles des Cara\u00efbes rassembl\u00e9s sur sc\u00e8ne avec leurs troph\u00e9es peints \u00e0 la main, devant un public assis.\" srcset=\"https:\/\/westindiesregatta.com\/wp-content\/uploads\/2026\/08\/wir-remise-des-prix-equipages.jpg 1077w, https:\/\/westindiesregatta.com\/wp-content\/uploads\/2026\/08\/wir-remise-des-prix-equipages-300x205.jpg 300w, https:\/\/westindiesregatta.com\/wp-content\/uploads\/2026\/08\/wir-remise-des-prix-equipages-1024x700.jpg 1024w, https:\/\/westindiesregatta.com\/wp-content\/uploads\/2026\/08\/wir-remise-des-prix-equipages-768x525.jpg 768w\" sizes=\"(max-width: 1077px) 100vw, 1077px\" \/>\t\t\t\t\t\t\t\t\t\t\t\t\t\t\t<\/div>\n\t\t\t\t<\/div>\n\t\t\t\t\t<\/div>\n\t\t\t\t<\/div>\n\t\t<div class=\"elementor-element elementor-element-06736cf e-con-full e-flex e-con e-parent\" data-id=\"06736cf\" data-element_type=\"container\" data-e-type=\"container\" data-settings=\"{&quot;background_background&quot;:&quot;classic&quot;}\">\n\t\t<div class=\"elementor-element elementor-element-295b5bb e-flex e-con-boxed e-con e-child\" data-id=\"295b5bb\" data-element_type=\"container\" data-e-type=\"container\">\n\t\t\t\t\t<div class=\"e-con-inner\">\n\t\t\t\t<div class=\"elementor-element elementor-element-868886b elementor-widget elementor-widget-heading\" data-id=\"868886b\" data-element_type=\"widget\" data-e-type=\"widget\" data-widget_type=\"heading.default\">\n\t\t\t\t\t<h2 class=\"elementor-heading-title elementor-size-default\">Faire perdurer l\u2019esprit \u201cWest Indies\u201d<\/h2>\t\t\t\t<\/div>\n\t\t\t\t<div class=\"elementor-element elementor-element-ad2e6d5 elementor-widget elementor-widget-text-editor\" data-id=\"ad2e6d5\" data-element_type=\"widget\" data-e-type=\"widget\" data-widget_type=\"text-editor.default\">\n\t\t\t\t\t\t\t\t\t<p>Retrouver l\u2019\u00e2me des Cara\u00efbes d\u2019autrefois.<\/p>\t\t\t\t\t\t\t\t<\/div>\n\t\t\t\t<div class=\"elementor-element elementor-element-972b569 elementor-widget elementor-widget-text-editor\" data-id=\"972b569\" data-element_type=\"widget\" data-e-type=\"widget\" data-widget_type=\"text-editor.default\">\n\t\t\t\t\t\t\t\t\t<p>L\u2019un des objectifs du festival est de faire revivre l\u2019atmosph\u00e8re des Cara\u00efbes du d\u00e9but du XX\u1d49 si\u00e8cle, une \u00e9poque o\u00f9 la mer reliait les \u00eeles bien avant de les s\u00e9parer.<\/p>\n\n<p>\u00c0 cette \u00e9poque, les bateaux traditionnels naviguaient d\u2019\u00eele en \u00eele pour transporter nourriture, \u00e9pices, fruits, rhum et objets artisanaux, cr\u00e9ant un v\u00e9ritable r\u00e9seau de vie et d\u2019\u00e9changes entre les territoires.<\/p>\n\n<p>\u00c0 chaque arriv\u00e9e dans un port, les quais s\u2019animaient naturellement : les marchandises \u00e9taient \u00e9chang\u00e9es, un march\u00e9 improvis\u00e9 prenait forme, et la musique accompagnait ces moments de rencontre.<\/p>\n\n<p>La West Indies Regatta cherche \u00e0 recr\u00e9er cette ambiance chaleureuse et authentique, o\u00f9 la mer, le commerce et la culture se m\u00ealent pour faire revivre l\u2019esprit carib\u00e9en dans toute sa simplicit\u00e9 et sa richesse.<\/p>\t\t\t\t\t\t\t\t<\/div>\n\t\t\t\t<div class=\"elementor-element elementor-element-286a37e elementor-widget elementor-widget-image\" data-id=\"286a37e\" data-element_type=\"widget\" data-e-type=\"widget\" data-widget_type=\"image.default\">\n\t\t\t\t\t\t\t\t\t\t\t\t\t\t\t<img loading=\"lazy\" decoding=\"async\" width=\"808\" height=\"416\" src=\"https:\/\/westindiesregatta.com\/wp-content\/uploads\/2026\/08\/wir-marche-quai-gustavia-crepuscule.jpg\" class=\"attachment-full size-full wp-image-1293\" alt=\"Les tentes blanches du village de la West Indies Regatta align\u00e9es sur le quai de Gustavia au cr\u00e9puscule, devant la mairie de Saint-Barth\u00e9lemy portant la devise Libert\u00e9, \u00e9galit\u00e9, fraternit\u00e9, un sloop \u00e0 quai au premier plan.\" srcset=\"https:\/\/westindiesregatta.com\/wp-content\/uploads\/2026\/08\/wir-marche-quai-gustavia-crepuscule.jpg 808w, https:\/\/westindiesregatta.com\/wp-content\/uploads\/2026\/08\/wir-marche-quai-gustavia-crepuscule-300x154.jpg 300w, https:\/\/westindiesregatta.com\/wp-content\/uploads\/2026\/08\/wir-marche-quai-gustavia-crepuscule-768x395.jpg 768w\" sizes=\"(max-width: 808px) 100vw, 808px\" \/>\t\t\t\t\t\t\t\t\t\t\t\t\t\t\t<\/div>\n\t\t\t\t\t<\/div>\n\t\t\t\t<\/div>\n\t\t\t\t<\/div>\n\t\t<div class=\"elementor-element elementor-element-5a87c6f e-flex e-con-boxed e-con e-parent\" data-id=\"5a87c6f\" data-element_type=\"container\" data-e-type=\"container\" data-settings=\"{&quot;background_background&quot;:&quot;classic&quot;}\">\n\t\t\t\t\t<div class=\"e-con-inner\">\n\t\t<div class=\"elementor-element elementor-element-a130570 e-con-full e-flex e-con e-child\" data-id=\"a130570\" data-element_type=\"container\" data-e-type=\"container\">\n\t\t\t\t<div class=\"elementor-element elementor-element-d57a9ce elementor-widget elementor-widget-heading\" data-id=\"d57a9ce\" data-element_type=\"widget\" data-e-type=\"widget\" data-widget_type=\"heading.default\">\n\t\t\t\t\t<h2 class=\"elementor-heading-title elementor-size-default\">Le march\u00e9 artisanal<\/h2>\t\t\t\t<\/div>\n\t\t\t\t<div class=\"elementor-element elementor-element-0d018b3 elementor-widget elementor-widget-text-editor\" data-id=\"0d018b3\" data-element_type=\"widget\" data-e-type=\"widget\" data-widget_type=\"text-editor.default\">\n\t\t\t\t\t\t\t\t\t<p>Un lieu de vie, de saveurs et de savoir-faire.<\/p>\t\t\t\t\t\t\t\t<\/div>\n\t\t\t\t<div class=\"elementor-element elementor-element-6194f1a elementor-widget elementor-widget-text-editor\" data-id=\"6194f1a\" data-element_type=\"widget\" data-e-type=\"widget\" data-widget_type=\"text-editor.default\">\n\t\t\t\t\t\t\t\t\t<p>Le march\u00e9 de la West Indies Regatta est devenu, au fil des ann\u00e9es, le plus grand march\u00e9 annuel de Saint-Barth\u00e9lemy.<\/p>\n\n<p>Une quarantaine d\u2019exposants y participent, certains venant des \u00eeles voisines, d\u2019autres \u00e9tant originaires de Saint-Barth, cr\u00e9ant un m\u00e9lange unique de cultures et de traditions.<\/p>\n\n<p>On y d\u00e9couvre une grande diversit\u00e9 de produits : fruits et l\u00e9gumes tropicaux, plantes, produits agricoles, objets artisanaux en bois, poterie, c\u00e9ramique, v\u00eatements, bijoux ainsi que de nombreux stands de cuisine locale.<\/p>\n\n<p>Le march\u00e9 recr\u00e9e l\u2019atmosph\u00e8re des anciens ports carib\u00e9ens, o\u00f9 se m\u00ealaient produits, savoir-faire et traditions dans une ambiance chaleureuse et authentique.<\/p>\t\t\t\t\t\t\t\t<\/div>\n\t\t\t\t<div class=\"elementor-element elementor-element-a463472 elementor-widget elementor-widget-image\" data-id=\"a463472\" data-element_type=\"widget\" data-e-type=\"widget\" data-widget_type=\"image.default\">\n\t\t\t\t\t\t\t\t\t\t\t\t\t\t\t\t<a href=\"https:\/\/westindiesregatta.com\/wp-content\/uploads\/2026\/08\/wir-marche-artisanal-montage.jpg\" data-elementor-open-lightbox=\"yes\" data-elementor-lightbox-title=\"Le march\u00e9 artisanal de la West Indies Regatta Festival\" data-e-action-hash=\"#elementor-action%3Aaction%3Dlightbox%26settings%3DeyJpZCI6MTMwMiwidXJsIjoiaHR0cHM6XC9cL3dlc3RpbmRpZXNyZWdhdHRhLmNvbVwvd3AtY29udGVudFwvdXBsb2Fkc1wvMjAyNlwvMDhcL3dpci1tYXJjaGUtYXJ0aXNhbmFsLW1vbnRhZ2UuanBnIn0%3D\">\n\t\t\t\t\t\t\t<img loading=\"lazy\" decoding=\"async\" width=\"2000\" height=\"1624\" src=\"https:\/\/westindiesregatta.com\/wp-content\/uploads\/2026\/08\/wir-marche-artisanal-montage.jpg\" class=\"attachment-full size-full wp-image-1302\" alt=\"Montage de vingt-et-une photos du march\u00e9 artisanal de la West Indies Regatta : stands de bijoux, min\u00e9raux, \u00e9pices et piments, s\u00e9rigraphies et cartes d&#039;artistes, T-shirts du festival, colliers et bracelets en coquillages, cuisine pr\u00e9par\u00e9e sur place et d\u00e9gustations, cr\u00e9ateurs et visiteurs sur le quai de Gustavia.\" srcset=\"https:\/\/westindiesregatta.com\/wp-content\/uploads\/2026\/08\/wir-marche-artisanal-montage.jpg 2000w, https:\/\/westindiesregatta.com\/wp-content\/uploads\/2026\/08\/wir-marche-artisanal-montage-300x244.jpg 300w, https:\/\/westindiesregatta.com\/wp-content\/uploads\/2026\/08\/wir-marche-artisanal-montage-1024x831.jpg 1024w, https:\/\/westindiesregatta.com\/wp-content\/uploads\/2026\/08\/wir-marche-artisanal-montage-768x624.jpg 768w, https:\/\/westindiesregatta.com\/wp-content\/uploads\/2026\/08\/wir-marche-artisanal-montage-1536x1247.jpg 1536w\" sizes=\"(max-width: 2000px) 100vw, 2000px\" \/>\t\t\t\t\t\t\t\t<\/a>\n\t\t\t\t\t\t\t\t\t\t\t\t\t\t\t<\/div>\n\t\t\t\t<div class=\"elementor-element elementor-element-9cbc131 elementor-align-center elementor-widget elementor-widget-button\" data-id=\"9cbc131\" data-element_type=\"widget\" data-e-type=\"widget\" data-widget_type=\"button.default\">\n\t\t\t\t\t\t\t\t\t\t<a class=\"elementor-button elementor-button-link elementor-size-md\" href=\"https:\/\/westindiesregatta.com\/en\/sinscrire\/\">\n\t\t\t\t\t\t<span class=\"elementor-button-content-wrapper\">\n\t\t\t\t\t\t\t\t\t<span class=\"elementor-button-text\">Devenir exposant<\/span>\n\t\t\t\t\t<\/span>\n\t\t\t\t\t<\/a>\n\t\t\t\t\t\t\t\t<\/div>\n\t\t\t\t<\/div>\n\t\t\t\t\t<\/div>\n\t\t\t\t<\/div>\n\t\t<div class=\"elementor-element elementor-element-b36aa0f e-con-full e-flex e-con e-parent\" data-id=\"b36aa0f\" data-element_type=\"container\" data-e-type=\"container\" data-settings=\"{&quot;background_background&quot;:&quot;classic&quot;}\">\n\t\t<div class=\"elementor-element elementor-element-120fae0 e-flex e-con-boxed e-con e-child\" data-id=\"120fae0\" data-element_type=\"container\" data-e-type=\"container\">\n\t\t\t\t\t<div class=\"e-con-inner\">\n\t\t\t\t<div class=\"elementor-element elementor-element-22d0b87 elementor-widget elementor-widget-heading\" data-id=\"22d0b87\" data-element_type=\"widget\" data-e-type=\"widget\" data-widget_type=\"heading.default\">\n\t\t\t\t\t<h2 class=\"elementor-heading-title elementor-size-default\">Les concerts<\/h2>\t\t\t\t<\/div>\n\t\t\t\t<div class=\"elementor-element elementor-element-0de8100 elementor-widget elementor-widget-text-editor\" data-id=\"0de8100\" data-element_type=\"widget\" data-e-type=\"widget\" data-widget_type=\"text-editor.default\">\n\t\t\t\t\t\t\t\t\t<p>La musique au c\u0153ur de l\u2019exp\u00e9rience.<\/p>\t\t\t\t\t\t\t\t<\/div>\n\t\t\t\t<div class=\"elementor-element elementor-element-b368762 elementor-widget elementor-widget-text-editor\" data-id=\"b368762\" data-element_type=\"widget\" data-e-type=\"widget\" data-widget_type=\"text-editor.default\">\n\t\t\t\t\t\t\t\t\t<p>La musique occupe une place essentielle dans l\u2019esprit de la West Indies Regatta, prolongeant naturellement l\u2019\u00e9nergie du festival jusque dans la nuit.<\/p>\n\n<p>Les concerts proposent un m\u00e9lange harmonieux d\u2019artistes locaux et de musiciens venus des \u00eeles voisines, offrant une programmation riche et authentique.<\/p>\n\n<p>Sur sc\u00e8ne, on d\u00e9couvre aussi bien de jeunes talents que des groupes d\u00e9j\u00e0 reconnus dans la r\u00e9gion, cr\u00e9ant une atmosph\u00e8re \u00e0 la fois festive et conviviale.<\/p>\n\n<p>Les styles musicaux refl\u00e8tent toute la diversit\u00e9 culturelle des Cara\u00efbes : reggae, zouk, musiques traditionnelles antillaises, ainsi que des influences plus contemporaines.<\/p>\n\n<p>Chaque soir\u00e9e devient ainsi un moment de partage, o\u00f9 la musique prolonge l\u2019esprit de la mer et rassemble les cultures dans une m\u00eame \u00e9nergie.<\/p>\t\t\t\t\t\t\t\t<\/div>\n\t\t\t\t<div class=\"elementor-element elementor-element-e9f1b09 elementor-widget elementor-widget-image\" data-id=\"e9f1b09\" data-element_type=\"widget\" data-e-type=\"widget\" data-widget_type=\"image.default\">\n\t\t\t\t\t\t\t\t\t\t\t\t\t\t\t<img loading=\"lazy\" decoding=\"async\" width=\"1170\" height=\"771\" src=\"https:\/\/westindiesregatta.com\/wp-content\/uploads\/2026\/08\/wir-scene-concerts-percussions.jpg\" class=\"attachment-full size-full wp-image-1294\" alt=\"Sc\u00e8ne de concert du festival avant le d\u00e9but du set : batterie, congas et cymbales sous les projecteurs, micros et retours install\u00e9s devant la toile blanche du chapiteau.\" srcset=\"https:\/\/westindiesregatta.com\/wp-content\/uploads\/2026\/08\/wir-scene-concerts-percussions.jpg 1170w, https:\/\/westindiesregatta.com\/wp-content\/uploads\/2026\/08\/wir-scene-concerts-percussions-300x198.jpg 300w, https:\/\/westindiesregatta.com\/wp-content\/uploads\/2026\/08\/wir-scene-concerts-percussions-1024x675.jpg 1024w, https:\/\/westindiesregatta.com\/wp-content\/uploads\/2026\/08\/wir-scene-concerts-percussions-768x506.jpg 768w\" sizes=\"(max-width: 1170px) 100vw, 1170px\" \/>\t\t\t\t\t\t\t\t\t\t\t\t\t\t\t<\/div>\n\t\t\t\t<div class=\"elementor-element elementor-element-9142692 elementor-align-center elementor-widget elementor-widget-button\" data-id=\"9142692\" data-element_type=\"widget\" data-e-type=\"widget\" data-widget_type=\"button.default\">\n\t\t\t\t\t\t\t\t\t\t<a class=\"elementor-button elementor-button-link elementor-size-md\" href=\"https:\/\/westindiesregatta.com\/en\/sinscrire\/\">\n\t\t\t\t\t\t<span class=\"elementor-button-content-wrapper\">\n\t\t\t\t\t\t\t\t\t<span class=\"elementor-button-text\">Se produire pour le prochain \u00e9v\u00e8nement<\/span>\n\t\t\t\t\t<\/span>\n\t\t\t\t\t<\/a>\n\t\t\t\t\t\t\t\t<\/div>\n\t\t\t\t\t<\/div>\n\t\t\t\t<\/div>\n\t\t\t\t<\/div>\n\t\t<div class=\"elementor-element elementor-element-1544673 e-flex e-con-boxed e-con e-parent\" data-id=\"1544673\" data-element_type=\"container\" data-e-type=\"container\" data-settings=\"{&quot;background_background&quot;:&quot;classic&quot;}\">\n\t\t\t\t\t<div class=\"e-con-inner\">\n\t\t<div class=\"elementor-element elementor-element-216f9c4 e-con-full e-flex e-con e-child\" data-id=\"216f9c4\" data-element_type=\"container\" data-e-type=\"container\">\n\t\t\t\t<div class=\"elementor-element elementor-element-d26afe8 elementor-widget elementor-widget-heading\" data-id=\"d26afe8\" data-element_type=\"widget\" data-e-type=\"widget\" data-widget_type=\"heading.default\">\n\t\t\t\t\t<h2 class=\"elementor-heading-title elementor-size-default\">Cirque et arts de rue<\/h2>\t\t\t\t<\/div>\n\t\t\t\t<div class=\"elementor-element elementor-element-cde84a3 elementor-widget elementor-widget-text-editor\" data-id=\"cde84a3\" data-element_type=\"widget\" data-e-type=\"widget\" data-widget_type=\"text-editor.default\">\n\t\t\t\t\t\t\t\t\t<p>Une dimension artistique et vivante du festival.<\/p>\t\t\t\t\t\t\t\t<\/div>\n\t\t\t\t<div class=\"elementor-element elementor-element-1c50187 elementor-widget elementor-widget-text-editor\" data-id=\"1c50187\" data-element_type=\"widget\" data-e-type=\"widget\" data-widget_type=\"text-editor.default\">\n\t\t\t\t\t\t\t\t\t<p>Depuis plusieurs ann\u00e9es, le festival int\u00e8gre une dimension artistique \u00e0 travers le cirque, le th\u00e9\u00e2tre et les arts de rue.<\/p>\n\n<p>Une compagnie intervient dans les \u00e9coles durant la semaine pr\u00e9c\u00e9dant l\u2019\u00e9v\u00e9nement, proposant aux enfants des ateliers pour les initier \u00e0 ces disciplines et partager leur passion.<\/p>\n\n<p>Ces artistes animent ensuite certains soirs du march\u00e9, avant de cl\u00f4turer le week-end par un spectacle final le dimanche soir.<\/p>\n\n<p>Cette approche renforce le lien entre le festival et la communaut\u00e9 locale, en faisant de l\u2019\u00e9v\u00e9nement un moment de transmission, de cr\u00e9ativit\u00e9 et de partage.<\/p>\t\t\t\t\t\t\t\t<\/div>\n\t\t\t\t<div class=\"elementor-element elementor-element-b7cb500 elementor-widget elementor-widget-image\" data-id=\"b7cb500\" data-element_type=\"widget\" data-e-type=\"widget\" data-widget_type=\"image.default\">\n\t\t\t\t\t\t\t\t\t\t\t\t\t\t\t<img loading=\"lazy\" decoding=\"async\" width=\"1170\" height=\"781\" src=\"https:\/\/westindiesregatta.com\/wp-content\/uploads\/2026\/08\/wir-acrobate-mat-arts-de-rue.jpg\" class=\"attachment-full size-full wp-image-1298\" alt=\"Acrobate suspendu t\u00eate en bas \u00e0 la vergue d&#039;un grand voilier pendant un spectacle nocturne de la West Indies Regatta, m\u00e2t et gr\u00e9ement \u00e9clair\u00e9s en rouge sur ciel noir.\" srcset=\"https:\/\/westindiesregatta.com\/wp-content\/uploads\/2026\/08\/wir-acrobate-mat-arts-de-rue.jpg 1170w, https:\/\/westindiesregatta.com\/wp-content\/uploads\/2026\/08\/wir-acrobate-mat-arts-de-rue-300x200.jpg 300w, https:\/\/westindiesregatta.com\/wp-content\/uploads\/2026\/08\/wir-acrobate-mat-arts-de-rue-1024x684.jpg 1024w, https:\/\/westindiesregatta.com\/wp-content\/uploads\/2026\/08\/wir-acrobate-mat-arts-de-rue-768x513.jpg 768w\" sizes=\"(max-width: 1170px) 100vw, 1170px\" \/>\t\t\t\t\t\t\t\t\t\t\t\t\t\t\t<\/div>\n\t\t\t\t<div class=\"elementor-element elementor-element-3d9e9cd elementor-align-center elementor-widget elementor-widget-button\" data-id=\"3d9e9cd\" data-element_type=\"widget\" data-e-type=\"widget\" data-widget_type=\"button.default\">\n\t\t\t\t\t\t\t\t\t\t<a class=\"elementor-button elementor-button-link elementor-size-md\" href=\"https:\/\/westindiesregatta.com\/en\/sinscrire\/\">\n\t\t\t\t\t\t<span class=\"elementor-button-content-wrapper\">\n\t\t\t\t\t\t\t\t\t<span class=\"elementor-button-text\">Se produire pour le prochain \u00e9v\u00e8nement<\/span>\n\t\t\t\t\t<\/span>\n\t\t\t\t\t<\/a>\n\t\t\t\t\t\t\t\t<\/div>\n\t\t\t\t<\/div>\n\t\t\t\t\t<\/div>\n\t\t\t\t<\/div>\n\t\t<div class=\"elementor-element elementor-element-9a13c22 e-flex e-con-boxed e-con e-parent\" data-id=\"9a13c22\" data-element_type=\"container\" data-e-type=\"container\">\n\t\t\t\t\t<div class=\"e-con-inner\">\n\t\t\t\t<div class=\"elementor-element elementor-element-6a1a60c elementor-widget elementor-widget-heading\" data-id=\"6a1a60c\" data-element_type=\"widget\" data-e-type=\"widget\" id=\"Partenaires\" data-widget_type=\"heading.default\">\n\t\t\t\t\t<h2 class=\"elementor-heading-title elementor-size-default\">NOS PARTENAIRES<\/h2>\t\t\t\t<\/div>\n\t\t\t\t<div class=\"elementor-element elementor-element-74f5746 elementor-widget elementor-widget-heading\" data-id=\"74f5746\" data-element_type=\"widget\" data-e-type=\"widget\" data-widget_type=\"heading.default\">\n\t\t\t\t\t<h2 class=\"elementor-heading-title elementor-size-default\">Ils soutiennent la West Indies Regatta Festival<\/h2>\t\t\t\t<\/div>\n\t\t\t\t<div class=\"elementor-element elementor-element-73a5bcf elementor-widget-mobile__width-inherit elementor-widget-divider--view-line elementor-widget elementor-widget-divider\" data-id=\"73a5bcf\" data-element_type=\"widget\" data-e-type=\"widget\" data-widget_type=\"divider.default\">\n\t\t\t\t\t\t\t<div class=\"elementor-divider\">\n\t\t\t<span class=\"elementor-divider-separator\">\n\t\t\t\t\t\t<\/span>\n\t\t<\/div>\n\t\t\t\t\t\t<\/div>\n\t\t<div class=\"elementor-element elementor-element-b8f4813 e-con-full e-flex e-con e-child\" data-id=\"b8f4813\" data-element_type=\"container\" data-e-type=\"container\">\n\t\t<div class=\"elementor-element elementor-element-d1e4e87 e-con-full e-flex e-con e-child\" data-id=\"d1e4e87\" data-element_type=\"container\" data-e-type=\"container\">\n\t\t\t\t<div class=\"elementor-element elementor-element-b51fcc5 elementor-widget elementor-widget-image\" data-id=\"b51fcc5\" data-element_type=\"widget\" data-e-type=\"widget\" data-widget_type=\"image.default\">\n\t\t\t\t\t\t\t\t\t\t\t\t\t\t\t<img decoding=\"async\" src=\"https:\/\/westindiesregatta.com\/wp-content\/uploads\/2026\/03\/collectivite-St-barth.png\" title=\"\" alt=\"\" loading=\"lazy\" \/>\t\t\t\t\t\t\t\t\t\t\t\t\t\t\t<\/div>\n\t\t\t\t<\/div>\n\t\t<div class=\"elementor-element elementor-element-1d0aef9 e-con-full e-flex e-con e-child\" data-id=\"1d0aef9\" data-element_type=\"container\" data-e-type=\"container\">\n\t\t\t\t<div class=\"elementor-element elementor-element-7ee1176 elementor-widget elementor-widget-image\" data-id=\"7ee1176\" data-element_type=\"widget\" data-e-type=\"widget\" data-widget_type=\"image.default\">\n\t\t\t\t\t\t\t\t\t\t\t\t\t\t\t<img decoding=\"async\" src=\"https:\/\/westindiesregatta.com\/wp-content\/uploads\/2026\/03\/American-Gourmet-Logo-2.jpeg\" title=\"\" alt=\"\" loading=\"lazy\" \/>\t\t\t\t\t\t\t\t\t\t\t\t\t\t\t<\/div>\n\t\t\t\t<\/div>\n\t\t<div class=\"elementor-element elementor-element-9313563 e-con-full e-flex e-con e-child\" data-id=\"9313563\" data-element_type=\"container\" data-e-type=\"container\">\n\t\t\t\t<div class=\"elementor-element elementor-element-3c94ddf elementor-widget elementor-widget-image\" data-id=\"3c94ddf\" data-element_type=\"widget\" data-e-type=\"widget\" data-widget_type=\"image.default\">\n\t\t\t\t\t\t\t\t\t\t\t\t\t\t\t<img decoding=\"async\" src=\"https:\/\/westindiesregatta.com\/wp-content\/uploads\/2026\/03\/Clic-Logo.png\" title=\"\" alt=\"\" loading=\"lazy\" \/>\t\t\t\t\t\t\t\t\t\t\t\t\t\t\t<\/div>\n\t\t\t\t<\/div>\n\t\t<div class=\"elementor-element elementor-element-0bda369 e-con-full e-flex e-con e-child\" data-id=\"0bda369\" data-element_type=\"container\" data-e-type=\"container\">\n\t\t\t\t<div class=\"elementor-element elementor-element-ccba908 elementor-widget elementor-widget-image\" data-id=\"ccba908\" data-element_type=\"widget\" data-e-type=\"widget\" data-widget_type=\"image.default\">\n\t\t\t\t\t\t\t\t\t\t\t\t\t\t\t<img decoding=\"async\" src=\"https:\/\/westindiesregatta.com\/wp-content\/uploads\/2026\/03\/K-island-bez-tla.png\" title=\"\" alt=\"\" loading=\"lazy\" \/>\t\t\t\t\t\t\t\t\t\t\t\t\t\t\t<\/div>\n\t\t\t\t<\/div>\n\t\t<div class=\"elementor-element elementor-element-0ab9270 e-con-full e-flex e-con e-child\" data-id=\"0ab9270\" data-element_type=\"container\" data-e-type=\"container\">\n\t\t\t\t<div class=\"elementor-element elementor-element-1682efb elementor-widget elementor-widget-image\" data-id=\"1682efb\" data-element_type=\"widget\" data-e-type=\"widget\" data-widget_type=\"image.default\">\n\t\t\t\t\t\t\t\t\t\t\t\t\t\t\t<img decoding=\"async\" src=\"https:\/\/westindiesregatta.com\/wp-content\/uploads\/2026\/03\/carte-d-oro-logo.png\" title=\"\" alt=\"\" loading=\"lazy\" \/>\t\t\t\t\t\t\t\t\t\t\t\t\t\t\t<\/div>\n\t\t\t\t<\/div>\n\t\t<div class=\"elementor-element elementor-element-8beab3e e-con-full e-flex e-con e-child\" data-id=\"8beab3e\" data-element_type=\"container\" data-e-type=\"container\">\n\t\t\t\t<div class=\"elementor-element elementor-element-90e00b8 elementor-widget elementor-widget-image\" data-id=\"90e00b8\" data-element_type=\"widget\" data-e-type=\"widget\" data-widget_type=\"image.default\">\n\t\t\t\t\t\t\t\t\t\t\t\t\t\t\t<img decoding=\"async\" src=\"https:\/\/westindiesregatta.com\/wp-content\/uploads\/2026\/03\/eden-rock.jpg\" title=\"\" alt=\"\" loading=\"lazy\" \/>\t\t\t\t\t\t\t\t\t\t\t\t\t\t\t<\/div>\n\t\t\t\t<\/div>\n\t\t<div class=\"elementor-element elementor-element-122c636 e-con-full e-flex e-con e-child\" data-id=\"122c636\" data-element_type=\"container\" data-e-type=\"container\">\n\t\t\t\t<div class=\"elementor-element elementor-element-d9b866c elementor-widget elementor-widget-image\" data-id=\"d9b866c\" data-element_type=\"widget\" data-e-type=\"widget\" data-widget_type=\"image.default\">\n\t\t\t\t\t\t\t\t\t\t\t\t\t\t\t<img decoding=\"async\" src=\"https:\/\/westindiesregatta.com\/wp-content\/uploads\/2026\/03\/Fabienne-Miot-Logo.png\" title=\"\" alt=\"\" loading=\"lazy\" \/>\t\t\t\t\t\t\t\t\t\t\t\t\t\t\t<\/div>\n\t\t\t\t<\/div>\n\t\t<div class=\"elementor-element elementor-element-7e529bb e-con-full e-flex e-con e-child\" data-id=\"7e529bb\" data-element_type=\"container\" data-e-type=\"container\">\n\t\t\t\t<div class=\"elementor-element elementor-element-35f46b4 elementor-widget elementor-widget-image\" data-id=\"35f46b4\" data-element_type=\"widget\" data-e-type=\"widget\" data-widget_type=\"image.default\">\n\t\t\t\t\t\t\t\t\t\t\t\t\t\t\t<img decoding=\"async\" src=\"https:\/\/westindiesregatta.com\/wp-content\/uploads\/2026\/03\/levillage-logo-transparant-w450-h240.jpg\" title=\"\" alt=\"\" loading=\"lazy\" \/>\t\t\t\t\t\t\t\t\t\t\t\t\t\t\t<\/div>\n\t\t\t\t<\/div>\n\t\t<div class=\"elementor-element elementor-element-d33de5f e-con-full e-flex e-con e-child\" data-id=\"d33de5f\" data-element_type=\"container\" data-e-type=\"container\">\n\t\t\t\t<div class=\"elementor-element elementor-element-63fe196 elementor-widget elementor-widget-image\" data-id=\"63fe196\" data-element_type=\"widget\" data-e-type=\"widget\" data-widget_type=\"image.default\">\n\t\t\t\t\t\t\t\t\t\t\t\t\t\t\t<img decoding=\"async\" src=\"https:\/\/westindiesregatta.com\/wp-content\/uploads\/2026\/03\/La-Cave-Logo.jpeg\" title=\"\" alt=\"\" loading=\"lazy\" \/>\t\t\t\t\t\t\t\t\t\t\t\t\t\t\t<\/div>\n\t\t\t\t<\/div>\n\t\t<div class=\"elementor-element elementor-element-910e128 e-con-full e-flex e-con e-child\" data-id=\"910e128\" data-element_type=\"container\" data-e-type=\"container\">\n\t\t\t\t<div class=\"elementor-element elementor-element-95d4956 elementor-widget elementor-widget-image\" data-id=\"95d4956\" data-element_type=\"widget\" data-e-type=\"widget\" data-widget_type=\"image.default\">\n\t\t\t\t\t\t\t\t\t\t\t\t\t\t\t<img decoding=\"async\" src=\"https:\/\/westindiesregatta.com\/wp-content\/uploads\/2026\/03\/logo-U-express-Oasis.png\" title=\"\" alt=\"\" loading=\"lazy\" \/>\t\t\t\t\t\t\t\t\t\t\t\t\t\t\t<\/div>\n\t\t\t\t<\/div>\n\t\t<div class=\"elementor-element elementor-element-be4e9b3 e-con-full e-flex e-con e-child\" data-id=\"be4e9b3\" data-element_type=\"container\" data-e-type=\"container\">\n\t\t\t\t<div class=\"elementor-element elementor-element-015f0fd elementor-widget elementor-widget-image\" data-id=\"015f0fd\" data-element_type=\"widget\" data-e-type=\"widget\" data-widget_type=\"image.default\">\n\t\t\t\t\t\t\t\t\t\t\t\t\t\t\t<img decoding=\"async\" src=\"https:\/\/westindiesregatta.com\/wp-content\/uploads\/2026\/03\/Logo-APB-Caraibes-carre.png\" title=\"\" alt=\"\" loading=\"lazy\" \/>\t\t\t\t\t\t\t\t\t\t\t\t\t\t\t<\/div>\n\t\t\t\t<\/div>\n\t\t<div class=\"elementor-element elementor-element-9e3465c e-con-full e-flex e-con e-child\" data-id=\"9e3465c\" data-element_type=\"container\" data-e-type=\"container\">\n\t\t\t\t<div class=\"elementor-element elementor-element-6f9055b elementor-widget elementor-widget-image\" data-id=\"6f9055b\" data-element_type=\"widget\" data-e-type=\"widget\" data-widget_type=\"image.default\">\n\t\t\t\t\t\t\t\t\t\t\t\t\t\t\t<img decoding=\"async\" src=\"https:\/\/westindiesregatta.com\/wp-content\/uploads\/2026\/03\/PBS-Z.jpg\" title=\"\" alt=\"\" loading=\"lazy\" \/>\t\t\t\t\t\t\t\t\t\t\t\t\t\t\t<\/div>\n\t\t\t\t<\/div>\n\t\t<div class=\"elementor-element elementor-element-09b2bd9 e-con-full e-flex e-con e-child\" data-id=\"09b2bd9\" data-element_type=\"container\" data-e-type=\"container\">\n\t\t\t\t<div class=\"elementor-element elementor-element-b662262 elementor-widget elementor-widget-image\" data-id=\"b662262\" data-element_type=\"widget\" data-e-type=\"widget\" data-widget_type=\"image.default\">\n\t\t\t\t\t\t\t\t\t\t\t\t\t\t\t<img decoding=\"async\" src=\"https:\/\/westindiesregatta.com\/wp-content\/uploads\/2026\/03\/seabarts.jpeg\" title=\"\" alt=\"\" loading=\"lazy\" \/>\t\t\t\t\t\t\t\t\t\t\t\t\t\t\t<\/div>\n\t\t\t\t<\/div>\n\t\t<div class=\"elementor-element elementor-element-f5b506a e-con-full e-flex e-con e-child\" data-id=\"f5b506a\" data-element_type=\"container\" data-e-type=\"container\">\n\t\t\t\t<div class=\"elementor-element elementor-element-5d2d7aa elementor-widget elementor-widget-image\" data-id=\"5d2d7aa\" data-element_type=\"widget\" data-e-type=\"widget\" data-widget_type=\"image.default\">\n\t\t\t\t\t\t\t\t\t\t\t\t\t\t\t<img decoding=\"async\" src=\"https:\/\/westindiesregatta.com\/wp-content\/uploads\/2026\/03\/wakexcursion.jpeg\" title=\"\" alt=\"\" loading=\"lazy\" \/>\t\t\t\t\t\t\t\t\t\t\t\t\t\t\t<\/div>\n\t\t\t\t<\/div>\n\t\t<div class=\"elementor-element elementor-element-bf5646f e-con-full e-flex e-con e-child\" data-id=\"bf5646f\" data-element_type=\"container\" data-e-type=\"container\">\n\t\t\t\t<div class=\"elementor-element elementor-element-b7bf95b elementor-widget elementor-widget-image\" data-id=\"b7bf95b\" data-element_type=\"widget\" data-e-type=\"widget\" data-widget_type=\"image.default\">\n\t\t\t\t\t\t\t\t\t\t\t\t\t\t\t<img decoding=\"async\" src=\"https:\/\/westindiesregatta.com\/wp-content\/uploads\/2026\/03\/saint-barth-yatch-club.jpg\" title=\"\" alt=\"\" loading=\"lazy\" \/>\t\t\t\t\t\t\t\t\t\t\t\t\t\t\t<\/div>\n\t\t\t\t<\/div>\n\t\t<div class=\"elementor-element elementor-element-7cda29f e-con-full e-flex e-con e-child\" data-id=\"7cda29f\" data-element_type=\"container\" data-e-type=\"container\">\n\t\t\t\t<div class=\"elementor-element elementor-element-ea7751e elementor-widget elementor-widget-image\" data-id=\"ea7751e\" data-element_type=\"widget\" data-e-type=\"widget\" data-widget_type=\"image.default\">\n\t\t\t\t\t\t\t\t\t\t\t\t\t\t\t<img decoding=\"async\" src=\"https:\/\/westindiesregatta.com\/wp-content\/uploads\/2026\/03\/Veronique-Les-Petits-Carreaux.jpeg\" title=\"\" alt=\"\" loading=\"lazy\" \/>\t\t\t\t\t\t\t\t\t\t\t\t\t\t\t<\/div>\n\t\t\t\t<\/div>\n\t\t<div class=\"elementor-element elementor-element-71f6b15 e-con-full e-flex e-con e-child\" data-id=\"71f6b15\" data-element_type=\"container\" data-e-type=\"container\">\n\t\t\t\t<div class=\"elementor-element elementor-element-7024a67 elementor-widget elementor-widget-image\" data-id=\"7024a67\" data-element_type=\"widget\" data-e-type=\"widget\" data-widget_type=\"image.default\">\n\t\t\t\t\t\t\t\t\t\t\t\t\t\t\t<img decoding=\"async\" src=\"https:\/\/westindiesregatta.com\/wp-content\/uploads\/2026\/03\/Les-Artisans-Logo.png\" title=\"\" alt=\"\" loading=\"lazy\" \/>\t\t\t\t\t\t\t\t\t\t\t\t\t\t\t<\/div>\n\t\t\t\t<\/div>\n\t\t<div class=\"elementor-element elementor-element-2dd1e53 e-con-full e-flex e-con e-child\" data-id=\"2dd1e53\" data-element_type=\"container\" data-e-type=\"container\">\n\t\t\t\t<div class=\"elementor-element elementor-element-09e4c97 elementor-widget elementor-widget-image\" data-id=\"09e4c97\" data-element_type=\"widget\" data-e-type=\"widget\" data-widget_type=\"image.default\">\n\t\t\t\t\t\t\t\t\t\t\t\t\t\t\t<img decoding=\"async\" src=\"https:\/\/westindiesregatta.com\/wp-content\/uploads\/2026\/03\/Pati-St-Barth-Logo-scaled.png\" title=\"\" alt=\"\" loading=\"lazy\" \/>\t\t\t\t\t\t\t\t\t\t\t\t\t\t\t<\/div>\n\t\t\t\t<\/div>\n\t\t<div class=\"elementor-element elementor-element-3689f30 e-con-full e-flex e-con e-child\" data-id=\"3689f30\" data-element_type=\"container\" data-e-type=\"container\">\n\t\t\t\t<div class=\"elementor-element elementor-element-e812707 elementor-widget elementor-widget-image\" data-id=\"e812707\" data-element_type=\"widget\" data-e-type=\"widget\" data-widget_type=\"image.default\">\n\t\t\t\t\t\t\t\t\t\t\t\t\t\t\t<img decoding=\"async\" src=\"https:\/\/westindiesregatta.com\/wp-content\/uploads\/2026\/03\/1000130263.png\" title=\"\" alt=\"\" loading=\"lazy\" \/>\t\t\t\t\t\t\t\t\t\t\t\t\t\t\t<\/div>\n\t\t\t\t<\/div>\n\t\t<div class=\"elementor-element elementor-element-3f34995 e-con-full e-flex e-con e-child\" data-id=\"3f34995\" data-element_type=\"container\" data-e-type=\"container\">\n\t\t\t\t<div class=\"elementor-element elementor-element-956b54d elementor-widget elementor-widget-image\" data-id=\"956b54d\" data-element_type=\"widget\" data-e-type=\"widget\" data-widget_type=\"image.default\">\n\t\t\t\t\t\t\t\t\t\t\t\t\t\t\t<img decoding=\"async\" src=\"https:\/\/westindiesregatta.com\/wp-content\/uploads\/2026\/03\/1000130264.png\" title=\"\" alt=\"\" loading=\"lazy\" \/>\t\t\t\t\t\t\t\t\t\t\t\t\t\t\t<\/div>\n\t\t\t\t<\/div>\n\t\t<div class=\"elementor-element elementor-element-6cf669c e-con-full e-flex e-con e-child\" data-id=\"6cf669c\" data-element_type=\"container\" data-e-type=\"container\">\n\t\t\t\t<div class=\"elementor-element elementor-element-4c2fbea elementor-widget elementor-widget-image\" data-id=\"4c2fbea\" data-element_type=\"widget\" data-e-type=\"widget\" data-widget_type=\"image.default\">\n\t\t\t\t\t\t\t\t\t\t\t\t\t\t\t<img decoding=\"async\" src=\"https:\/\/westindiesregatta.com\/wp-content\/uploads\/2026\/04\/lapetite-colombe-logo.png\" title=\"\" alt=\"\" loading=\"lazy\" \/>\t\t\t\t\t\t\t\t\t\t\t\t\t\t\t<\/div>\n\t\t\t\t<\/div>\n\t\t<div class=\"elementor-element elementor-element-43aca19 e-con-full e-flex e-con e-child\" data-id=\"43aca19\" data-element_type=\"container\" data-e-type=\"container\">\n\t\t\t\t<div class=\"elementor-element elementor-element-2a0fcb2 elementor-widget elementor-widget-image\" data-id=\"2a0fcb2\" data-element_type=\"widget\" data-e-type=\"widget\" data-widget_type=\"image.default\">\n\t\t\t\t\t\t\t\t\t\t\t\t\t\t\t<img decoding=\"async\" src=\"https:\/\/westindiesregatta.com\/wp-content\/uploads\/2026\/04\/saintbarth-catamaran-logo.jpg\" title=\"\" alt=\"\" loading=\"lazy\" \/>\t\t\t\t\t\t\t\t\t\t\t\t\t\t\t<\/div>\n\t\t\t\t<\/div>\n\t\t<div class=\"elementor-element elementor-element-18b3403 e-con-full e-flex e-con e-child\" data-id=\"18b3403\" data-element_type=\"container\" data-e-type=\"container\">\n\t\t\t\t<div class=\"elementor-element elementor-element-8ad092a elementor-widget elementor-widget-image\" data-id=\"8ad092a\" data-element_type=\"widget\" data-e-type=\"widget\" data-widget_type=\"image.default\">\n\t\t\t\t\t\t\t\t\t\t\t\t\t\t\t<img decoding=\"async\" src=\"https:\/\/westindiesregatta.com\/wp-content\/uploads\/2026\/04\/FDL-50x50-1-scaled.png\" title=\"\" alt=\"\" loading=\"lazy\" \/>\t\t\t\t\t\t\t\t\t\t\t\t\t\t\t<\/div>\n\t\t\t\t<\/div>\n\t\t<div class=\"elementor-element elementor-element-572631e e-con-full e-flex e-con e-child\" data-id=\"572631e\" data-element_type=\"container\" data-e-type=\"container\">\n\t\t\t\t<div class=\"elementor-element elementor-element-74d1a67 elementor-widget elementor-widget-image\" data-id=\"74d1a67\" data-element_type=\"widget\" data-e-type=\"widget\" data-widget_type=\"image.default\">\n\t\t\t\t\t\t\t\t\t\t\t\t\t\t\t<img decoding=\"async\" src=\"https:\/\/westindiesregatta.com\/wp-content\/uploads\/2026\/04\/island_pharmacie.png\" title=\"\" alt=\"\" loading=\"lazy\" \/>\t\t\t\t\t\t\t\t\t\t\t\t\t\t\t<\/div>\n\t\t\t\t<\/div>\n\t\t<div class=\"elementor-element elementor-element-2bc2f0b e-con-full e-flex e-con e-child\" data-id=\"2bc2f0b\" data-element_type=\"container\" data-e-type=\"container\">\n\t\t\t\t<div class=\"elementor-element elementor-element-73d1e50 elementor-widget elementor-widget-image\" data-id=\"73d1e50\" data-element_type=\"widget\" data-e-type=\"widget\" data-widget_type=\"image.default\">\n\t\t\t\t\t\t\t\t\t\t\t\t\t\t\t<img decoding=\"async\" src=\"https:\/\/westindiesregatta.com\/wp-content\/uploads\/2026\/04\/WhatsApp-Image-2026-04-17-at-09.11.51.jpeg\" title=\"\" alt=\"\" loading=\"lazy\" \/>\t\t\t\t\t\t\t\t\t\t\t\t\t\t\t<\/div>\n\t\t\t\t<\/div>\n\t\t\t\t<\/div>\n\t\t\t\t<div class=\"elementor-element elementor-element-f2315cc elementor-align-center elementor-widget elementor-widget-button\" data-id=\"f2315cc\" data-element_type=\"widget\" data-e-type=\"widget\" data-widget_type=\"button.default\">\n\t\t\t\t\t\t\t\t\t\t<a class=\"elementor-button elementor-button-link elementor-size-md\" href=\"https:\/\/westindiesregatta.com\/en\/sinscrire\/\">\n\t\t\t\t\t\t<span class=\"elementor-button-content-wrapper\">\n\t\t\t\t\t\t\t\t\t<span class=\"elementor-button-text\">Devenir sponsor<\/span>\n\t\t\t\t\t<\/span>\n\t\t\t\t\t<\/a>\n\t\t\t\t\t\t\t\t<\/div>\n\t\t\t\t\t<\/div>\n\t\t\t\t<\/div>\n\t\t<div class=\"elementor-element elementor-element-52a9d02 e-flex e-con-boxed e-con e-parent\" data-id=\"52a9d02\" data-element_type=\"container\" data-e-type=\"container\">\n\t\t\t\t\t<div class=\"e-con-inner\">\n\t\t\t\t<div class=\"elementor-element elementor-element-a3b020b elementor-widget elementor-widget-heading\" data-id=\"a3b020b\" data-element_type=\"widget\" data-e-type=\"widget\" id=\"Partenaires\" data-widget_type=\"heading.default\">\n\t\t\t\t\t<h2 class=\"elementor-heading-title elementor-size-default\">ILS PARLENT DE NOUS<\/h2>\t\t\t\t<\/div>\n\t\t\t\t<div class=\"elementor-element elementor-element-f8b1c22 elementor-widget elementor-widget-heading\" data-id=\"f8b1c22\" data-element_type=\"widget\" data-e-type=\"widget\" data-widget_type=\"heading.default\">\n\t\t\t\t\t<h2 class=\"elementor-heading-title elementor-size-default\">La West Indies Regatta Festival dans la presse, sur le web et sur les r\u00e9seaux<\/h2>\t\t\t\t<\/div>\n\t\t\t\t<div class=\"elementor-element elementor-element-f585f7f elementor-widget-mobile__width-inherit elementor-widget-divider--view-line elementor-widget elementor-widget-divider\" data-id=\"f585f7f\" data-element_type=\"widget\" data-e-type=\"widget\" data-widget_type=\"divider.default\">\n\t\t\t\t\t\t\t<div class=\"elementor-divider\">\n\t\t\t<span class=\"elementor-divider-separator\">\n\t\t\t\t\t\t<\/span>\n\t\t<\/div>\n\t\t\t\t\t\t<\/div>\n\t\t\t\t<div class=\"elementor-element elementor-element-d4b4cf9 elementor-widget elementor-widget-text-editor\" data-id=\"d4b4cf9\" data-element_type=\"widget\" data-e-type=\"widget\" data-widget_type=\"text-editor.default\">\n\t\t\t\t\t\t\t\t\t<ul class=\"wir-revue-de-presse\" style=\"list-style:none;padding-left:0;text-align:left;line-height:1.6;\"><li style=\"margin-bottom:.45em;\"><strong style=\"display:inline-block;min-width:9.5em;\">7 ao\u00fbt 2026<\/strong><a href=\"https:\/\/www.facebook.com\/share\/v\/1BzEu3L19d\/\" target=\"_blank\" rel=\"noopener nofollow\">Facebook \u2014 Minist\u00e8re des Affaires de Carriacou et Petite Martinique (Grenade) : \u00ab Sailing Across Time: St. Barts and Carriacou Unite to Save Caribbean Boatbuilding Traditions \u00bb<\/a><\/li><li style=\"margin-bottom:.45em;\"><strong style=\"display:inline-block;min-width:9.5em;\">24 juin 2026<\/strong><a href=\"https:\/\/louison-c.mesgaleries.com\/west-indies-2026\" target=\"_blank\" rel=\"noopener nofollow\">Louison \u2014 la galerie photo de l\u2019\u00e9dition 2026<\/a><\/li><li style=\"margin-bottom:.45em;\"><strong style=\"display:inline-block;min-width:9.5em;\">29 avril 2026<\/strong><a href=\"https:\/\/www.facebook.com\/share\/v\/14dxioD1Ag8\/\" target=\"_blank\" rel=\"noopener nofollow\">Facebook \u2014 GIS Grenada (service d\u2019information du gouvernement) : \u00ab Race to Save Windwards\u2019 Boat Building Industry \u00bb<\/a><\/li><li style=\"margin-bottom:.45em;\"><strong style=\"display:inline-block;min-width:9.5em;\">29 avril 2026<\/strong><a href=\"https:\/\/www.facebook.com\/share\/v\/18VvPsjQA7\/\" target=\"_blank\" rel=\"noopener nofollow\">Facebook \u2014 Hon. Tevin Andrews, ministre de Carriacou et Petite Martinique : reportage sur la r\u00e9gate<\/a><\/li><li style=\"margin-bottom:.45em;\"><strong style=\"display:inline-block;min-width:9.5em;\">28 avril 2026<\/strong><a href=\"https:\/\/www.facebook.com\/share\/p\/1CokRq2wes\/\" target=\"_blank\" rel=\"noopener nofollow\">Facebook \u2014 Hon. Tevin Andrews : \u00ab Government Advancing Carriacou Boatbuilding \u00bb<\/a><\/li><li style=\"margin-bottom:.45em;\"><strong style=\"display:inline-block;min-width:9.5em;\">28 avril 2026<\/strong><a href=\"https:\/\/www.facebook.com\/share\/p\/1CLE7kKkr1\/\" target=\"_blank\" rel=\"noopener nofollow\">Facebook \u2014 Discover Carriacou and Petite Martinique : la visite de M. Dwight Logan<\/a><\/li><li style=\"margin-bottom:.45em;\"><strong style=\"display:inline-block;min-width:9.5em;\">28 avril 2026<\/strong><a href=\"https:\/\/www.facebook.com\/share\/p\/18miehtXVr\/\" target=\"_blank\" rel=\"noopener nofollow\">Facebook \u2014 Explore Carriacou and Petite Martinique : \u00ab A special thank you to\u2026 \u00bb<\/a><\/li><li style=\"margin-bottom:.45em;\"><strong style=\"display:inline-block;min-width:9.5em;\">26 avril 2026<\/strong><a href=\"https:\/\/www.instagram.com\/gtshooting64\" target=\"_blank\" rel=\"noopener nofollow\">Instagram \u2014 GT Shooting, photographe de l\u2019\u00e9dition 2026<\/a><\/li><li style=\"margin-bottom:.45em;\"><strong style=\"display:inline-block;min-width:9.5em;\">9 juin 2026<\/strong><a href=\"https:\/\/www.instagram.com\/p\/DZX9exCK5jp\/\" target=\"_blank\" rel=\"noopener nofollow\">Instagram \u2014 Free In St Barth Sailing<\/a><\/li><li style=\"margin-bottom:.45em;\"><strong style=\"display:inline-block;min-width:9.5em;\">9 mai 2026<\/strong><a href=\"https:\/\/www.instagram.com\/p\/DYIwHpCFPzI\/\" target=\"_blank\" rel=\"noopener nofollow\">Instagram \u2014 Navasana<\/a><\/li><li style=\"margin-bottom:.45em;\"><strong style=\"display:inline-block;min-width:9.5em;\">30 avril 2026<\/strong><a href=\"https:\/\/www.instagram.com\/p\/DXxavikxZEd\/\" target=\"_blank\" rel=\"noopener nofollow\">Instagram \u2014 Caribbean Tasty<\/a><\/li><li style=\"margin-bottom:.45em;\"><strong style=\"display:inline-block;min-width:9.5em;\">28 avril 2026<\/strong><a href=\"https:\/\/www.instagram.com\/p\/DXr_jQ5kXCK\/\" target=\"_blank\" rel=\"noopener nofollow\">Instagram \u2014 APB Cara\u00efbes<\/a><\/li><li style=\"margin-bottom:.45em;\"><strong style=\"display:inline-block;min-width:9.5em;\">27 avril 2026<\/strong><a href=\"https:\/\/www.instagram.com\/p\/DXpnMLQEV8b\/\" target=\"_blank\" rel=\"noopener nofollow\">Instagram \u2014 Saint-Barth Tourisme<\/a><\/li><li style=\"margin-bottom:.45em;\"><strong style=\"display:inline-block;min-width:9.5em;\">25 avril 2026<\/strong><a href=\"https:\/\/www.instagram.com\/p\/DXiRAEhD9AZ\/\" target=\"_blank\" rel=\"noopener nofollow\">Instagram \u2014 Collectivit\u00e9 Territoriale de Saint-Barth\u00e9lemy<\/a><\/li><li style=\"margin-bottom:.45em;\"><strong style=\"display:inline-block;min-width:9.5em;\">25 avril 2026<\/strong><a href=\"https:\/\/outremertourisme.fr\/west-indies-regatta-2026-levenement-phare-de-loutre-mer-soutenu-par-la-collectivite-de-saint-barthelemy\/\" target=\"_blank\" rel=\"noopener nofollow\">Outremer Tourisme \u2014 \u00ab L\u2019\u00e9v\u00e9nement phare de l\u2019Outre-mer \u00bb<\/a><\/li><li style=\"margin-bottom:.45em;\"><strong style=\"display:inline-block;min-width:9.5em;\">24 avril 2026<\/strong><a href=\"https:\/\/www.instagram.com\/p\/DXh3MRzG22w\/\" target=\"_blank\" rel=\"noopener nofollow\">Instagram \u2014 Le Journal de Saint-Barth<\/a><\/li><li style=\"margin-bottom:.45em;\"><strong style=\"display:inline-block;min-width:9.5em;\">21 avril 2026<\/strong><a href=\"https:\/\/www.instagram.com\/p\/DXabMJ2DQ_H\/\" target=\"_blank\" rel=\"noopener nofollow\">Instagram \u2014 Carte d\u2019Or Villa St Barth<\/a><\/li><li style=\"margin-bottom:.45em;\"><strong style=\"display:inline-block;min-width:9.5em;\">21 avril 2026<\/strong><a href=\"https:\/\/www.instagram.com\/p\/DXaAgMIE91G\/\" target=\"_blank\" rel=\"noopener nofollow\">Instagram \u2014 K-Island<\/a><\/li><li style=\"margin-bottom:.45em;\"><strong style=\"display:inline-block;min-width:9.5em;\">6 octobre 2025<\/strong><a href=\"https:\/\/www.instagram.com\/p\/DPetycJDChm\/\" target=\"_blank\" rel=\"noopener nofollow\">Instagram \u2014 Maudit Triskel<\/a><\/li><li style=\"margin-bottom:.45em;\"><strong style=\"display:inline-block;min-width:9.5em;\">26 avril 2025<\/strong><a href=\"https:\/\/www.instagram.com\/p\/DI6tX8oyRj9\/\" target=\"_blank\" rel=\"noopener nofollow\">Instagram \u2014 Saint Barth Yacht Club<\/a><\/li><li style=\"margin-bottom:.45em;\"><strong style=\"display:inline-block;min-width:9.5em;\">25 avril 2025<\/strong><a href=\"https:\/\/www.instagram.com\/p\/DI4CmuOsMq6\/\" target=\"_blank\" rel=\"noopener nofollow\">Instagram \u2014 R\u00e9serve Naturelle de Saint-Barth<\/a><\/li><li style=\"margin-bottom:.45em;\"><strong style=\"display:inline-block;min-width:9.5em;\">23 avril 2025<\/strong><a href=\"https:\/\/outremers360.com\/bassin-atlantique-appli\/la-collectivite-de-saint-barthelemy-organise-la-14eme-edition-du-west-indies-festival\" target=\"_blank\" rel=\"noopener nofollow\">Outremers 360 \u2014 la Collectivit\u00e9 organise la 14\u1d49 \u00e9dition<\/a><\/li><li style=\"margin-bottom:.45em;\"><strong style=\"display:inline-block;min-width:9.5em;\">21 avril 2025<\/strong><a href=\"https:\/\/caribbeancompass.com\/free-in-st-barth-takes-the-lead-west-indies-regatta\/\" target=\"_blank\" rel=\"noopener nofollow\">Caribbean Compass \u2014 \u00ab Free in St Barth Takes The Lead \u00bb<\/a><\/li><li style=\"margin-bottom:.45em;\"><strong style=\"display:inline-block;min-width:9.5em;\">6 avril 2025<\/strong><a href=\"https:\/\/www.sbhonline.com\/forums\/threads\/west-indies-regatta-april-25-27-2025.107450\/\" target=\"_blank\" rel=\"noopener nofollow\">SBH Online \u2014 \u00e9dition 2025<\/a><\/li><li style=\"margin-bottom:.45em;\"><strong style=\"display:inline-block;min-width:9.5em;\">5 mai 2024<\/strong><a href=\"https:\/\/www.instagram.com\/p\/C6liqo4udle\/\" target=\"_blank\" rel=\"noopener nofollow\">Instagram \u2014 Zanti<\/a><\/li><li style=\"margin-bottom:.45em;\"><strong style=\"display:inline-block;min-width:9.5em;\">1 mai 2024<\/strong><a href=\"https:\/\/www.instagram.com\/p\/C6aIpPEocFB\/\" target=\"_blank\" rel=\"noopener nofollow\">Instagram \u2014 WISH Foundation<\/a><\/li><li style=\"margin-bottom:.45em;\"><strong style=\"display:inline-block;min-width:9.5em;\">26 avril 2024<\/strong><a href=\"https:\/\/www.journaldesaintbarth.com\/actualites\/culture-loisirs\/place-a-la-west-indies-regatta-202404261808.html\" target=\"_blank\" rel=\"noopener nofollow\">Journal de Saint-Barth \u2014 \u00ab Place \u00e0 la West Indies Regatta \u00bb<\/a><\/li><li style=\"margin-bottom:.45em;\"><strong style=\"display:inline-block;min-width:9.5em;\">8 avril 2024<\/strong><a href=\"https:\/\/tradition-sailing.com\/blog\/west-indies-regatta\/\" target=\"_blank\" rel=\"noopener nofollow\">Tradition Sailing \u2014 \u00ab West Indies Regatta \u00bb<\/a><\/li><li style=\"margin-bottom:.45em;\"><strong style=\"display:inline-block;min-width:9.5em;\">28 avril 2023<\/strong><a href=\"https:\/\/www.instagram.com\/p\/CrlRdyxNyBb\/\" target=\"_blank\" rel=\"noopener nofollow\">Instagram \u2014 SBIPOA<\/a><\/li><li style=\"margin-bottom:.45em;\"><strong style=\"display:inline-block;min-width:9.5em;\">25 avril 2023<\/strong><a href=\"https:\/\/www.karibinfo.com\/news\/saint-barthelemy-la-west-indies-regatta-battra-son-plein-de-vendredi-a-dimanche\/\" target=\"_blank\" rel=\"noopener nofollow\">Karibinfo \u2014 \u00ab La West Indies Regatta battra son plein \u00bb<\/a><\/li><li style=\"margin-bottom:.45em;\"><strong style=\"display:inline-block;min-width:9.5em;\">14 mars 2023<\/strong><a href=\"https:\/\/www.sbhonline.com\/forums\/threads\/west-indies-regatta-returns-for-2023.105001\/\" target=\"_blank\" rel=\"noopener nofollow\">SBH Online \u2014 retour de la r\u00e9gate en 2023<\/a><\/li><li style=\"margin-bottom:.45em;\"><strong style=\"display:inline-block;min-width:9.5em;\">19 d\u00e9cembre 2022<\/strong><a href=\"https:\/\/tradition-sailing.com\/blog\/tradition-available-for-west-indies-regatta-charter\/\" target=\"_blank\" rel=\"noopener nofollow\">Tradition Sailing \u2014 \u00ab Tradition available for West Indies Regatta charter \u00bb<\/a><\/li><li style=\"margin-bottom:.45em;\"><strong style=\"display:inline-block;min-width:9.5em;\">26 avril 2020<\/strong><a href=\"https:\/\/www.instagram.com\/p\/B_c1NPijYsO\/\" target=\"_blank\" rel=\"noopener nofollow\">Instagram \u2014 Spirit of St Barth<\/a><\/li><li style=\"margin-bottom:.45em;\"><strong style=\"display:inline-block;min-width:9.5em;\">30 octobre 2018<\/strong><a href=\"https:\/\/classicsailor.com\/2018\/10\/vanishing-sail-film-hope-caribbean\/\" target=\"_blank\" rel=\"noopener nofollow\">Classic Sailor \u2014 \u00ab Vanishing Sail, a film of hope in the Caribbean \u00bb<\/a><\/li><li style=\"margin-bottom:.45em;\"><strong style=\"display:inline-block;min-width:9.5em;\">4 juin 2018<\/strong><a href=\"https:\/\/classicsailor.com\/2018\/06\/st-barths-west-indies-regatta-ten-years\/\" target=\"_blank\" rel=\"noopener nofollow\">Classic Sailor \u2014 \u00ab St Barth\u2019s West Indies Regatta, ten years \u00bb<\/a><\/li><li style=\"margin-bottom:.45em;\"><strong style=\"display:inline-block;min-width:9.5em;\">26 avril 2018<\/strong><a href=\"https:\/\/www.allatsea.net\/the-carriacou-sloop\/\" target=\"_blank\" rel=\"noopener nofollow\">All At Sea \u2014 le sloop de Carriacou<\/a><\/li><li style=\"margin-bottom:.45em;\"><strong style=\"display:inline-block;min-width:9.5em;\">2 mai 2017<\/strong><a href=\"https:\/\/www.sbhonline.com\/forums\/threads\/west-indies-regatta-2017-5-of-3.90591\/\" target=\"_blank\" rel=\"noopener nofollow\">SBH Online \u2014 reportage 2017 (suite)<\/a><\/li><li style=\"margin-bottom:.45em;\"><strong style=\"display:inline-block;min-width:9.5em;\">29 avril 2017<\/strong><a href=\"https:\/\/www.sbhonline.com\/forums\/threads\/west-indies-regatta-2017-1-of-3.90569\/\" target=\"_blank\" rel=\"noopener nofollow\">SBH Online \u2014 reportage 2017 (1\/3)<\/a><\/li><li style=\"margin-bottom:.45em;\"><strong style=\"display:inline-block;min-width:9.5em;\">29 avril 2017<\/strong><a href=\"https:\/\/www.sbhonline.com\/forums\/threads\/west-indies-regatta-2017-2-of-3.90570\/\" target=\"_blank\" rel=\"noopener nofollow\">SBH Online \u2014 reportage 2017 (2\/3)<\/a><\/li><li style=\"margin-bottom:.45em;\"><strong style=\"display:inline-block;min-width:9.5em;\">2015<\/strong><a href=\"https:\/\/www.imdb.com\/title\/tt4698760\/\" target=\"_blank\" rel=\"noopener nofollow\">Vanishing Sail \u2014 la fiche IMDb du film (2015)<\/a><\/li><li style=\"margin-bottom:.45em;\"><strong style=\"display:inline-block;min-width:9.5em;\">2013<\/strong><a href=\"https:\/\/dloc.com\/fr\/UF00095773\/00220\/pdf\" target=\"_blank\" rel=\"noopener nofollow\">The Weekly St Barth \u2014 le num\u00e9ro en PDF (Digital Library of the Caribbean)<\/a><\/li><li style=\"margin-bottom:.45em;\"><strong style=\"display:inline-block;min-width:9.5em;\">4 mai 2012<\/strong><a href=\"https:\/\/sailmagazine.com\/cruising\/vanishing-sail\/\" target=\"_blank\" rel=\"noopener nofollow\">Sail Magazine \u2014 \u00ab Vanishing Sail \u00bb<\/a><\/li><li style=\"margin-bottom:.45em;\"><strong style=\"display:inline-block;min-width:9.5em;\">23 novembre 2011<\/strong><a href=\"https:\/\/vimeo.com\/32574938\" target=\"_blank\" rel=\"noopener nofollow\">Vanishing Sail \u2014 la bande-annonce (Vimeo)<\/a><\/li><li style=\"margin-bottom:.45em;\"><strong style=\"display:inline-block;min-width:9.5em;\">2 juin 2011<\/strong><a href=\"https:\/\/picton-castle.com\/2011\/06\/02\/the-west-indies-regatta\/\" target=\"_blank\" rel=\"noopener nofollow\">The Barque Picton Castle \u2014 \u00ab The West Indies Regatta \u00bb<\/a><\/li><\/ul><p style=\"text-align:left;margin-top:1.6em;\"><strong>Sans date de publication affich\u00e9e<\/strong><\/p><ul class=\"wir-revue-de-presse-sans-date\" style=\"list-style:disc;padding-left:1.4em;text-align:left;line-height:1.6;\"><li style=\"margin-bottom:.45em;\"><a href=\"https:\/\/www.facebook.com\/westindiesregatta\" target=\"_blank\" rel=\"noopener nofollow\">Facebook \u2014 page officielle West Indies Regatta<\/a><\/li><li style=\"margin-bottom:.45em;\"><a href=\"https:\/\/www.facebook.com\/comstbarth\" target=\"_blank\" rel=\"noopener nofollow\">Facebook \u2014 Collectivit\u00e9 de Saint-Barth\u00e9lemy<\/a><\/li><li style=\"margin-bottom:.45em;\"><a href=\"https:\/\/www.facebook.com\/comstbarth\/photos\/1286893880201976\/\" target=\"_blank\" rel=\"noopener nofollow\">Facebook \u2014 Collectivit\u00e9 : la 15\u1d49 \u00e9dition en images<\/a><\/li><li style=\"margin-bottom:.45em;\"><a href=\"https:\/\/www.facebook.com\/comstbarth\/videos\/437857336973822\/\" target=\"_blank\" rel=\"noopener nofollow\">Facebook \u2014 Collectivit\u00e9 : l\u2019\u00e9dition 2019 (vid\u00e9o)<\/a><\/li><li style=\"margin-bottom:.45em;\"><a href=\"https:\/\/www.facebook.com\/comstbarth\/videos\/346844992624474\/\" target=\"_blank\" rel=\"noopener nofollow\">Facebook \u2014 Collectivit\u00e9 : 3\u1d49 jour, \u00ab Reconnecting the islands \u00bb (vid\u00e9o)<\/a><\/li><li style=\"margin-bottom:.45em;\"><a href=\"https:\/\/www.facebook.com\/comstbarth\/videos\/587894695042520\/\" target=\"_blank\" rel=\"noopener nofollow\">Facebook \u2014 Collectivit\u00e9 : ouverture et march\u00e9 des \u00eeles (vid\u00e9o)<\/a><\/li><li style=\"margin-bottom:.45em;\"><a href=\"https:\/\/www.facebook.com\/comstbarth\/videos\/1213936463691432\/\" target=\"_blank\" rel=\"noopener nofollow\">Facebook \u2014 Collectivit\u00e9 : cl\u00f4ture de l\u2019\u00e9dition 2024 (vid\u00e9o)<\/a><\/li><li style=\"margin-bottom:.45em;\"><a href=\"https:\/\/www.facebook.com\/comstbarth\/videos\/3552804148313022\/\" target=\"_blank\" rel=\"noopener nofollow\">Facebook \u2014 Collectivit\u00e9 : spectacle de la Compagnie D\u00e9o (vid\u00e9o)<\/a><\/li><li style=\"margin-bottom:.45em;\"><a href=\"https:\/\/www.facebook.com\/StBarthtourism\" target=\"_blank\" rel=\"noopener nofollow\">Facebook \u2014 Saint-Barth Tourisme<\/a><\/li><li style=\"margin-bottom:.45em;\"><a href=\"https:\/\/www.facebook.com\/saintbarthfwi\" target=\"_blank\" rel=\"noopener nofollow\">Facebook \u2014 St Barth French West Indies<\/a><\/li><li style=\"margin-bottom:.45em;\"><a href=\"https:\/\/www.facebook.com\/lejsb\" target=\"_blank\" rel=\"noopener nofollow\">Facebook \u2014 Le Journal de Saint-Barth<\/a><\/li><li style=\"margin-bottom:.45em;\"><a href=\"https:\/\/www.facebook.com\/lejsb\/posts\/1014967660610437\/\" target=\"_blank\" rel=\"noopener nofollow\">Facebook \u2014 Le Journal de Saint-Barth : ouverture de la 14\u1d49 \u00e9dition<\/a><\/li><li style=\"margin-bottom:.45em;\"><a href=\"https:\/\/www.facebook.com\/groups\/whatsgoingonsbh\/posts\/1712579902670902\/\" target=\"_blank\" rel=\"noopener nofollow\">Facebook \u2014 groupe \u00ab What\u2019s Going On SBH \u00bb<\/a><\/li><li style=\"margin-bottom:.45em;\"><a href=\"https:\/\/www.instagram.com\/explore\/tags\/westindiesregatta\/\" target=\"_blank\" rel=\"noopener nofollow\">Instagram \u2014 le mot-cl\u00e9 #westindiesregatta<\/a><\/li><li style=\"margin-bottom:.45em;\"><a href=\"https:\/\/x.com\/westindregatta\" target=\"_blank\" rel=\"noopener nofollow\">X (Twitter) \u2014 @westindregatta<\/a><\/li><li style=\"margin-bottom:.45em;\"><a href=\"https:\/\/www.youtube.com\/watch?v=NGZHBNb79J8\" target=\"_blank\" rel=\"noopener nofollow\">YouTube \u2014 \u00ab Racing Boat West Indies Regatta 2024 St Barth \u00bb<\/a><\/li><li style=\"margin-bottom:.45em;\"><a href=\"https:\/\/youtu.be\/jQzuZb5O0vA\" target=\"_blank\" rel=\"noopener nofollow\">YouTube \u2014 \u00ab La Qu\u00eate du Cano\u00eb 2000 \u00bb (Gli Gli)<\/a><\/li><li style=\"margin-bottom:.45em;\"><a href=\"https:\/\/www.saintbarth-tourisme.com\/\" target=\"_blank\" rel=\"noopener nofollow\">Office de tourisme de Saint-Barth\u00e9lemy<\/a><\/li><li style=\"margin-bottom:.45em;\"><a href=\"https:\/\/caribbeanevents.com\/event\/west-indies-regatta\/\" target=\"_blank\" rel=\"noopener nofollow\">Caribbean Events \u2014 fiche de l\u2019\u00e9v\u00e8nement<\/a><\/li><li style=\"margin-bottom:.45em;\"><a href=\"https:\/\/www.caribbeansphere.com\/en\/whats-on\/saint-barthelemy\/west-indies-regatta\/\" target=\"_blank\" rel=\"noopener nofollow\">Caribbean Sphere \u2014 agenda de Saint-Barth\u00e9lemy<\/a><\/li><li style=\"margin-bottom:.45em;\"><a href=\"https:\/\/www.villaparaisostbarth.com\/EN\/events.html\" target=\"_blank\" rel=\"noopener nofollow\">Villa Paraiso St Barth \u2014 calendrier des \u00e9v\u00e8nements<\/a><\/li><li style=\"margin-bottom:.45em;\"><a href=\"https:\/\/picton-castle.com\/tag\/carriacou-sloop\/\" target=\"_blank\" rel=\"noopener nofollow\">The Barque Picton Castle \u2014 dossier \u00ab Carriacou sloop \u00bb<\/a><\/li><li style=\"margin-bottom:.45em;\"><a href=\"https:\/\/www.multihullcompany.com\/dream-boats-carriacou\/\" target=\"_blank\" rel=\"noopener nofollow\">The Multihull Company \u2014 \u00ab The Dream Boats of Carriacou \u00bb<\/a><\/li><li style=\"margin-bottom:.45em;\"><a href=\"https:\/\/www.anguilla-beaches.com\/west-indies-regatta-st-barths.html\" target=\"_blank\" rel=\"noopener nofollow\">Anguilla Beaches \u2014 \u00ab Anguilla\u2019s Tradition and the West Indies Regatta \u00bb<\/a><\/li><li style=\"margin-bottom:.45em;\"><a href=\"https:\/\/sas.cruisingclub.org\/node\/346\" target=\"_blank\" rel=\"noopener nofollow\">Cruising Club of America \u2014 critique de Vanishing Sail<\/a><\/li><li style=\"margin-bottom:.45em;\"><a href=\"https:\/\/vanishingsail.com\/\" target=\"_blank\" rel=\"noopener nofollow\">Vanishing Sail \u2014 le site du film d\u2019Alexis Andrews<\/a><\/li><\/ul><p style=\"text-align:left;margin-top:1.6em;\"><strong>Presse papier \u2014 sans version en ligne<\/strong><\/p><ul class=\"wir-revue-de-presse-papier\" style=\"list-style:disc;padding-left:1.4em;text-align:left;line-height:1.6;\"><li style=\"margin-bottom:.45em;\"><strong>23 avril 2026<\/strong> \u2014 <em>The Journal of Saint-Barth in English<\/em>, n\u00b0 1662 : \u00ab West Indies Regatta: three days of festivities \u00bb, avec le programme complet des trois jours<\/li><li style=\"margin-bottom:.45em;\"><strong>Avril 2026<\/strong> \u2014 <em>Rendez-vous Saint Barth<\/em>, agenda du mois, page 18 : pr\u00e9sentation de la 15\u1d49 \u00e9dition<\/li><\/ul>\t\t\t\t\t\t\t\t<\/div>\n\t\t\t\t\t<\/div>\n\t\t\t\t<\/div>\n\t\t\t\t<\/div>","protected":false},"excerpt":{"rendered":"<p>West Indies Regatta Festival Un \u00e9v\u00e9nement culturel majeur au c\u0153ur des Cara\u00efbes. La West Indies Regatta Festival est un \u00e9v\u00e9nement [&hellip;]<\/p>\n","protected":false},"author":1,"featured_media":0,"parent":0,"menu_order":0,"comment_status":"closed","ping_status":"closed","template":"","meta":{"site-sidebar-layout":"no-sidebar","site-content-layout":"","ast-site-content-layout":"full-width-container","site-content-style":"default","site-sidebar-style":"default","ast-global-header-display":"","ast-banner-title-visibility":"","ast-main-header-display":"","ast-hfb-above-header-display":"","ast-hfb-below-header-display":"","ast-hfb-mobile-header-display":"","site-post-title":"","ast-breadcrumbs-content":"","ast-featured-img":"disabled","footer-sml-layout":"","ast-disable-related-posts":"","theme-transparent-header-meta":"","adv-header-id-meta":"","stick-header-meta":"","header-above-stick-meta":"","header-main-stick-meta":"","header-below-stick-meta":"","astra-migrate-meta-layouts":"default","ast-page-background-enabled":"default","ast-page-background-meta":{"desktop":{"background-color":"var(--ast-global-color-5)","background-image":"","background-repeat":"repeat","background-position":"center center","background-size":"auto","background-attachment":"scroll","background-type":"","background-media":"","overlay-type":"","overlay-color":"","overlay-opacity":"","overlay-gradient":""},"tablet":{"background-color":"","background-image":"","background-repeat":"repeat","background-position":"center center","background-size":"auto","background-attachment":"scroll","background-type":"","background-media":"","overlay-type":"","overlay-color":"","overlay-opacity":"","overlay-gradient":""},"mobile":{"background-color":"","background-image":"","background-repeat":"repeat","background-position":"center center","background-size":"auto","background-attachment":"scroll","background-type":"","background-media":"","overlay-type":"","overlay-color":"","overlay-opacity":"","overlay-gradient":""}},"ast-content-background-meta":{"desktop":{"background-color":"var(--ast-global-color-4)","background-image":"","background-repeat":"repeat","background-position":"center center","background-size":"auto","background-attachment":"scroll","background-type":"","background-media":"","overlay-type":"","overlay-color":"","overlay-opacity":"","overlay-gradient":""},"tablet":{"background-color":"var(--ast-global-color-4)","background-image":"","background-repeat":"repeat","background-position":"center center","background-size":"auto","background-attachment":"scroll","background-type":"","background-media":"","overlay-type":"","overlay-color":"","overlay-opacity":"","overlay-gradient":""},"mobile":{"background-color":"var(--ast-global-color-4)","background-image":"","background-repeat":"repeat","background-position":"center center","background-size":"auto","background-attachment":"scroll","background-type":"","background-media":"","overlay-type":"","overlay-color":"","overlay-opacity":"","overlay-gradient":""}},"footnotes":""},"class_list":["post-844","page","type-page","status-publish","hentry"],"_hostinger_reach_plugin_has_subscription_block":false,"_hostinger_reach_plugin_is_elementor":false,"_links":{"self":[{"href":"https:\/\/westindiesregatta.com\/en\/wp-json\/wp\/v2\/pages\/844","targetHints":{"allow":["GET"]}}],"collection":[{"href":"https:\/\/westindiesregatta.com\/en\/wp-json\/wp\/v2\/pages"}],"about":[{"href":"https:\/\/westindiesregatta.com\/en\/wp-json\/wp\/v2\/types\/page"}],"author":[{"embeddable":true,"href":"https:\/\/westindiesregatta.com\/en\/wp-json\/wp\/v2\/users\/1"}],"replies":[{"embeddable":true,"href":"https:\/\/westindiesregatta.com\/en\/wp-json\/wp\/v2\/comments?post=844"}],"version-history":[{"count":59,"href":"https:\/\/westindiesregatta.com\/en\/wp-json\/wp\/v2\/pages\/844\/revisions"}],"predecessor-version":[{"id":1338,"href":"https:\/\/westindiesregatta.com\/en\/wp-json\/wp\/v2\/pages\/844\/revisions\/1338"}],"wp:attachment":[{"href":"https:\/\/westindiesregatta.com\/en\/wp-json\/wp\/v2\/media?parent=844"}],"curies":[{"name":"wp","href":"https:\/\/api.w.org\/{rel}","templated":true}]}}